{"id":1698,"date":"2018-01-15T10:46:57","date_gmt":"2018-01-15T10:46:57","guid":{"rendered":"https:\/\/www.mercabilbao.eus\/qualite-et-environnement\/"},"modified":"2020-05-28T10:49:42","modified_gmt":"2020-05-28T09:49:42","slug":"qualite-et-environnement","status":"publish","type":"page","link":"https:\/\/www.mercabilbao.eus\/fr\/presentation\/qualite-et-environnement\/","title":{"rendered":"Qualit\u00e9 et environnement"},"content":{"rendered":"<dl id=\"preguntas\">\n<dt>\n<h3>Propret\u00e9<\/h3>\n<\/dt>\n<dd>\n<p class=\"text-left\">Le nouveau contrat des Services de gestion des d\u00e9chets et de nettoyage inclut, de la part de l\u2019entreprise employ\u00e9e, des nouveaut\u00e9s telle que la valorisation des d\u00e9chets organiques retir\u00e9s par confiscation et la gestion des r\u00e9sidus non organiques ; ou encore l\u2019installation de conteneurs individuels s\u00e9lectifs, sur les postes de vente et leur retrait automatis\u00e9, ainsi que l\u2019extension du service de nettoyage au dimanche.<\/p>\n<p class=\"text-left\">Le nettoyage des voies est r\u00e9alis\u00e9 avec des eaux souterraines puis\u00e9es dans le sous-sol, ce qui permet de faire des \u00e9conomies en utilisant de mani\u00e8re ad\u00e9quate les ressources propres.<\/p>\n<p><!--Sheet Slider--><\/p>\n<div class=\"sheet-slider\"><input id=\"s1\" class=\"sheet\" checked=\"checked\" name=\"slide1\" type=\"radio\" \/><br \/>\n<input id=\"s2\" class=\"sheet\" name=\"slide1\" type=\"radio\" \/><br \/>\n<input id=\"s3\" class=\"sheet\" name=\"slide1\" type=\"radio\" \/><br \/>\n<input id=\"s4\" class=\"sheet\" name=\"slide1\" type=\"radio\" \/><br \/>\n<input id=\"s5\" class=\"sheet\" name=\"slide1\" type=\"radio\" \/><br \/>\n<input id=\"s6\" class=\"sheet\" name=\"slide1\" type=\"radio\" \/><\/p>\n<ul><!--imagenes--><\/p>\n<li class=\"tab\"><img decoding=\"async\" src=\"\/wp-content\/themes\/mercabilbao\/img\/slider1-calidad.jpg\" \/>\n<div>\n<h3>Ramassage<\/h3>\n<p>de palettes<\/p>\n<\/div>\n<\/li>\n<li class=\"tab\"><img decoding=\"async\" src=\"\/wp-content\/themes\/mercabilbao\/img\/slider2-calidad.jpg\" \/>\n<div>\n<h3>Nettoyage<\/h3>\n<p>avec camions<\/p>\n<\/div>\n<\/li>\n<li class=\"tab\"><img decoding=\"async\" src=\"\/wp-content\/themes\/mercabilbao\/img\/slider3-calidad.jpg\" \/>\n<div>\n<h3>Nettoyage<\/h3>\n<p>\u00e0 l\u2019ext\u00e9rieur<\/p>\n<\/div>\n<\/li>\n<li class=\"tab\"><img decoding=\"async\" src=\"\/wp-content\/themes\/mercabilbao\/img\/slider4-calidad.jpg\" \/>\n<div>\n<h3>Ramassage<\/h3>\n<p>d\u2019ordures \u00e0 l\u2019ext\u00e9rieur<\/p>\n<\/div>\n<\/li>\n<li class=\"tab\"><img decoding=\"async\" src=\"\/wp-content\/themes\/mercabilbao\/img\/slider5-calidad.jpg\" \/>\n<div>\n<h3>Nettoyage<\/h3>\n<p>\u00e0 l\u2019ext\u00e9rieur<\/p>\n<\/div>\n<\/li>\n<li class=\"tab\"><img decoding=\"async\" src=\"\/wp-content\/themes\/mercabilbao\/img\/slider6-calidad.jpg\" \/>\n<div>\n<h3>Nettoyage<\/h3>\n<p>\u00e0 l\u2019ext\u00e9rieur<\/p>\n<\/div>\n<\/li>\n<\/ul>\n<p><!--botones--><\/p>\n<div class=\"sh-btns\"><label for=\"s1\"><\/label><br \/>\n<label for=\"s2\"><\/label><br \/>\n<label for=\"s3\"><\/label><br \/>\n<label for=\"s4\"><\/label><br \/>\n<label for=\"s5\"><\/label><br \/>\n<label for=\"s6\"><\/label><\/div>\n<p><!--flechas--><\/p>\n<div class=\"sh-arrows\"><label for=\"s1\"><\/label><br \/>\n<label for=\"s2\"><\/label><br \/>\n<label for=\"s3\"><\/label><br \/>\n<label for=\"s4\"><\/label><br \/>\n<label for=\"s5\"><\/label><br \/>\n<label for=\"s6\"><\/label><\/div>\n<\/div>\n<p><!--Fin de Sheet Slider--><\/dd>\n<dt>\n<h3>Recyclage<\/h3>\n<\/dt>\n<dd>\n<p class=\"text-left\"><b>Vers un d\u00e9veloppement durable<\/b><\/p>\n<p class=\"text-left\">Le programme de gestion des d\u00e9chets que Mercabilbao \u00e0 mis en place depuis 2003, pr\u00e9tend r\u00e9duire la production de d\u00e9chets au sein du march\u00e9 adoptant une mesure pr\u00e9ventive environnementale. Il s\u2019agit en d\u00e9finitive de mettre en pratique la consigne suivante : <b>\u201cR\u00e9duire, R\u00e9utiliser et Recycler\u201d<\/b> dans cet ordre d\u2019importance.<\/p>\n<p class=\"text-left\">Mercabilbao est parvenu \u00e0 <b>r\u00e9duire<\/b> la quantit\u00e9 de d\u00e9chets organiques gr\u00e2ce \u00e0 des campagnes de prises de conscience aupr\u00e8s des utilisateurs, \u00e9vitant ainsi l\u2019entr\u00e9e de d\u00e9chets provenant du commerce de d\u00e9tail . Concernant les exc\u00e9dants de produits horticoles, ceux-ci sont distribu\u00e9s \u00e0 la Banque Alimentaire.<\/p>\n<p class=\"text-left\">De plus, un contr\u00f4le exhaustif est r\u00e9alis\u00e9 au niveau des activit\u00e9s commerciales concernant leur production de d\u00e9chets et l\u2019ad\u00e9quation de leur structure afin de <b>R\u00e9duire<\/b> les consommations d\u2019eau et d\u2019\u00e9lectricit\u00e9.<\/p>\n<p class=\"text-left\">La collecte s\u00e9lective des r\u00e9sidus non-organiques se centre sur les produits destin\u00e9s au <b>Recyclage<\/b>, principalement le bois, le papier et le verre sans oublier le plastique, m\u00eame si ce dernier et de plus faible importance.<\/p>\n<p class=\"text-left\">Mercabilbao collabore \u00e9troitement avec les entreprises qui apportent une valeur ajout\u00e9e li\u00e9e \u00e0 la pr\u00e9servation de l\u2019environnement. Le cas de Ibarreta 2000, l\u2019entreprise charg\u00e9e de consigner les emballages de fruits et l\u00e9gumes de Mercabilbao est en ce sens un bel exemple et une r\u00e9f\u00e9rence utile pour les autres march\u00e9s.<\/p>\n<p class=\"text-left\">Les co\u00fbts de recyclage et surtout le la pr\u00e9sence de mat\u00e9riaux non recycl\u00e9s encouragent Mercabilbao \u00e0 poursuivre son soutien \u00e0 des entreprises telles que Ibarreta 2000 dont l\u2019activit\u00e9 se centre sur la <b>r\u00e9utilisation<\/b>.<\/p>\n<p class=\"text-left\">Cette <b>R\u00e9utilisation<\/b> des emballages \u00e0 des avantages perp\u00e9tuels car elle \u00e9conomise les ressources naturelles et r\u00e9duit les d\u00e9chets.<\/p>\n<p class=\"text-left\"><b>L\u2019emballage r\u00e9utilisable, syst\u00e8me pionnier dans le r\u00e9seau des \u201cmercas\u201d (unit\u00e9s alimentaires)<\/b><\/p>\n<p class=\"text-left\">Mercabilbao est pionni\u00e8re dans la gestion d\u2019emballages sur les March\u00e9s Centraux d\u2019Approvisionnement. Une exp\u00e9rience r\u00e9ussie qui se traduit par une solution avantageuse tant sur le plan \u00e9conomique que du point de vue de l\u2019environnement durable, tout en respectant les param\u00e8tres de la responsabilit\u00e9 sociale de l\u2019entreprise.<\/p>\n<p class=\"text-left\">Cliquez pour t\u00e9l\u00e9charger le document : <a href=\"https:\/\/www.mercabilbao.eus\/documentos\/El%20envase%20reutilizable.pdf\" download=\"El envase reciclable: Una experiencia sostenible.\">\u201cEl envase reciclable: una experiencia sostenible\u201d<\/a>.<\/p>\n<p class=\"text-left\"><b>Certifi\u00e9 Environnemental<\/b><\/p>\n<p class=\"text-left\">Depuis Octobre 2004, Mercabilbao a la certification environnemental UNE-E-ISO 14001:96 ce qui nous encourage \u00e0 poursuivre l\u2019innovation afin de trouver des mesures environnementales pr\u00e9ventives et globales plus efficaces.<\/p>\n<\/dd>\n<dt>\n<h3>Point vert<\/h3>\n<\/dt>\n<dd>\n<p class=\"text-left\"><b>BERDEGUNE<\/b>&#8211; la <b>ZONE VERTE<\/b> de <b>MERCABILBAO<\/b>, est l\u2019endroit o\u00f9 l\u2019on centralise le recyclage et o\u00f9 s\u2019effectue la valorisation de la majeure partie des d\u00e9chets du march\u00e9. Dans cette zone, en plus des installations des services de nettoyage, \u00e0 c\u00f4t\u00e9 de l\u2019entrep\u00f4t des conteneurs et des machines, se trouvent les conteneurs o\u00f9 l\u2019on peut valoriser la plupart des d\u00e9chets.<\/p>\n<p class=\"text-left\">Trois compacteurs y sont install\u00e9s, un pour la mati\u00e8re organique, un autre pour le plastique, et un troisi\u00e8me pour le papier et le carton. Il y a \u00e9galement un triturateur de bois, qui recueille un gros volume de bois tout au long de l\u2019ann\u00e9e. Enfin, une caisse ouverte est install\u00e9e dans le local afin d\u2019y d\u00e9poser les cagettes de marchandises qui vont \u00eatre valoris\u00e9es. L\u2019objectif est de concentrer dans ce lieu le tri des d\u00e9chets, les grossistes effectuant eux-m\u00eames ce tri, ou les d\u00e9posant dans la zone destin\u00e9e \u00e0 cet effet, et les services de nettoyage assurant la valorisation.<\/p>\n<p class=\"text-left\">Il convient de pr\u00e9ciser que d\u2019autres types de conteneurs sont r\u00e9partis dans le march\u00e9, permettant la valorisation d\u2019autres produits, comme l\u2019huile, le verre, les piles, etc.. Ces conteneurs n\u2019ont pas \u00e9t\u00e9 plac\u00e9s dans la Zone Verte afin d\u2019\u00eatre plus proches du point o\u00f9 ils sont g\u00e9n\u00e9r\u00e9s, et faciliter ainsi les op\u00e9rations des usagers.<\/p>\n<p class=\"text-left\">Afin de renforcer l\u2019implication des grossistes dans la valorisation des d\u00e9chets, des conteneurs ont \u00e9t\u00e9 plac\u00e9s sur les postes, ce qui leur permet de trier sur place les d\u00e9chets organiques, plastiques, le papier et le carton. Le service de nettoyage passe ult\u00e9rieurement de poste en poste r\u00e9cup\u00e9rer le tout, en effectuant le tri.<\/p>\n<p class=\"text-left\">Dans l\u2019avenir, il est pr\u00e9vu d\u2019installer un compacteur dans la zone du pavillon du poisson afin de pouvoir traiter et valoriser le polystyr\u00e8ne expans\u00e9 (Polyexpan).<\/p>\n<\/dd>\n<dt>\n<h3>Une politique de qualit\u00e9<\/h3>\n<\/dt>\n<dd>\n<p class=\"text-left\">La Direction de <b>MERCABILBAO<\/b>, soucieuse d\u2019offrir et d\u2019atteindre un haut niveau de Qualit\u00e9 dans toutes ses activit\u00e9s, tout en respectant et en garantissant la protection de l\u2019environnement, et de pr\u00e9server la sant\u00e9 des travailleurs et de ceux qui entrent en contact avec l\u2019organisation, d\u00e9veloppe ce Syst\u00e8me de Qualit\u00e9, Environnement et Pr\u00e9vention des Risques.<\/p>\n<p class=\"text-left\">Cet objectif sera atteint gr\u00e2ce \u00e0 une am\u00e9lioration permanente et \u00e0 la participation de l\u2019ensemble de l\u2019entreprise, et an acceptant de soumettre au jugement, critiquer et modifier toutes les proc\u00e9dures susceptibles de nous \u00e9loigner du but que nous nous sommes fix\u00e9.<\/p>\n<p class=\"text-left\">Pour cela, <b>une Politique de Gestion Int\u00e9gr\u00e9e<\/b> a \u00e9t\u00e9 d\u00e9finie \u00e0 partir des principes suivants :<\/p>\n<ol class=\"ul-margin-left\">\n<li>Garantir le respect de la l\u00e9gislation appliquable en mati\u00e8re de Qualit\u00e9, d\u2019Environnement et de S\u00e9curit\u00e9.<\/li>\n<li>Promouvoir la participation et la responsabilit\u00e9 de tous les travailleurs dans le d\u00e9veloppement de cette Politique de Gestion Int\u00e9gr\u00e9e.<\/li>\n<li>Exiger de nos fournisseurs des produits et des services qui remplissent les dispositions \u00e9tablies par l\u2019entreprise en mati\u00e8re de Qualit\u00e9, de S\u00e9curit\u00e9 et d\u2019Environnement.<\/li>\n<li>Etablir les mesures n\u00e9cessaires pour \u00e9viter et \u00e9liminer les facteurs qui affectent de mani\u00e8re n\u00e9gative la Qualit\u00e9 des activit\u00e9s de MERCABILBAO, l\u2019Environnement, ou qui supposent des risques pour le personnel de MERCABILBAO ou pour les usagers du march\u00e9.<\/li>\n<li>La satisfaction des clients, au niveau interne et externe, sera un indicateur susceptible d\u2019am\u00e9lioration.<\/li>\n<li>Instaurer un suivi permanent des Objectifs annuels de Gestion Int\u00e9gr\u00e9e.<\/li>\n<li>La Direction s\u2019engage \u00e0 assurer la formation de tout le personnel afin de mettre en pratique le Syst\u00e8me de Gestion Int\u00e9gr\u00e9e.<\/li>\n<li>Appliquer la communication comme moyen d\u2019am\u00e9liorer l\u2019image de MERCABILBAO et les relations entre les usagers, en ayant recours aux moyens mat\u00e9riels, humains et de formation susceptibles de faciliter cette mission.<\/li>\n<\/ol>\n<\/dd>\n<\/dl>\n","protected":false},"excerpt":{"rendered":"<p>Propret\u00e9 Le nouveau contrat des Services de gestion des d\u00e9chets et de nettoyage inclut, de la part de l\u2019entreprise employ\u00e9e, des nouveaut\u00e9s telle que la valorisation des d\u00e9chets organiques retir\u00e9s [&hellip;]<\/p>\n","protected":false},"author":1,"featured_media":0,"parent":1638,"menu_order":12,"comment_status":"closed","ping_status":"closed","template":"page-sidebar.php","meta":{"footnotes":""},"class_list":["post-1698","page","type-page","status-publish","hentry"],"yoast_head":"<!-- This site is optimized with the Yoast SEO plugin v19.3 - https:\/\/yoast.com\/wordpress\/plugins\/seo\/ -->\n<title>Qualit\u00e9 et environnement - Mercabilbao<\/title>\n<meta name=\"description\" content=\"Mission, vision et valeurs Mission Nous sommes l\u2019Unit\u00e9 Alimentaire publique du Pays Basque qui fournit au secteur alimentaire un service complet de logistique et de commercialisation des produits frais et d\u00e9riv\u00e9s de qualit\u00e9, par le biais d\u2019infrastructures qui garantissent la s\u00e9curit\u00e9 alimentaire et la concurrence des\" \/>\n<meta name=\"robots\" content=\"index, follow, max-snippet:-1, max-image-preview:large, max-video-preview:-1\" \/>\n<link rel=\"canonical\" href=\"https:\/\/www.mercabilbao.eus\/fr\/presentation\/qualite-et-environnement\/\" \/>\n<meta property=\"og:locale\" content=\"fr_FR\" \/>\n<meta property=\"og:type\" content=\"article\" \/>\n<meta property=\"og:title\" content=\"Qualit\u00e9 et environnement - Mercabilbao\" \/>\n<meta property=\"og:description\" content=\"Mission, vision et valeurs Mission Nous sommes l\u2019Unit\u00e9 Alimentaire publique du Pays Basque qui fournit au secteur alimentaire un service complet de logistique et de commercialisation des produits frais et d\u00e9riv\u00e9s de qualit\u00e9, par le biais d\u2019infrastructures qui garantissent la s\u00e9curit\u00e9 alimentaire et la concurrence des\" \/>\n<meta property=\"og:url\" content=\"https:\/\/www.mercabilbao.eus\/fr\/presentation\/qualite-et-environnement\/\" \/>\n<meta property=\"og:site_name\" content=\"Mercabilbao\" \/>\n<meta property=\"article:modified_time\" content=\"2020-05-28T09:49:42+00:00\" \/>\n<meta name=\"twitter:card\" content=\"summary_large_image\" \/>\n<meta name=\"twitter:label1\" content=\"Dur\u00e9e de lecture estim\u00e9e\" \/>\n\t<meta name=\"twitter:data1\" content=\"6 minutes\" \/>\n<script type=\"application\/ld+json\" class=\"yoast-schema-graph\">{\"@context\":\"https:\/\/schema.org\",\"@graph\":[{\"@type\":\"WebSite\",\"@id\":\"https:\/\/www.mercabilbao.eus\/fr\/#website\",\"url\":\"https:\/\/www.mercabilbao.eus\/fr\/\",\"name\":\"Mercabilbao\",\"description\":\"Mercabilbao es el mayor centro de distribuci\u00f3n de alimentos perecederos del Norte de la Pen\u00ednsula Ib\u00e9rica.\",\"potentialAction\":[{\"@type\":\"SearchAction\",\"target\":{\"@type\":\"EntryPoint\",\"urlTemplate\":\"https:\/\/www.mercabilbao.eus\/fr\/?s={search_term_string}\"},\"query-input\":\"required name=search_term_string\"}],\"inLanguage\":\"fr-FR\"},{\"@type\":\"WebPage\",\"@id\":\"https:\/\/www.mercabilbao.eus\/fr\/presentation\/qualite-et-environnement\/\",\"url\":\"https:\/\/www.mercabilbao.eus\/fr\/presentation\/qualite-et-environnement\/\",\"name\":\"Qualit\u00e9 et environnement - Mercabilbao\",\"isPartOf\":{\"@id\":\"https:\/\/www.mercabilbao.eus\/fr\/#website\"},\"datePublished\":\"2018-01-15T10:46:57+00:00\",\"dateModified\":\"2020-05-28T09:49:42+00:00\",\"description\":\"Mission, vision et valeurs Mission Nous sommes l\u2019Unit\u00e9 Alimentaire publique du Pays Basque qui fournit au secteur alimentaire un service complet de logistique et de commercialisation des produits frais et d\u00e9riv\u00e9s de qualit\u00e9, par le biais d\u2019infrastructures qui garantissent la s\u00e9curit\u00e9 alimentaire et la concurrence des\",\"breadcrumb\":{\"@id\":\"https:\/\/www.mercabilbao.eus\/fr\/presentation\/qualite-et-environnement\/#breadcrumb\"},\"inLanguage\":\"fr-FR\",\"potentialAction\":[{\"@type\":\"ReadAction\",\"target\":[\"https:\/\/www.mercabilbao.eus\/fr\/presentation\/qualite-et-environnement\/\"]}]},{\"@type\":\"BreadcrumbList\",\"@id\":\"https:\/\/www.mercabilbao.eus\/fr\/presentation\/qualite-et-environnement\/#breadcrumb\",\"itemListElement\":[{\"@type\":\"ListItem\",\"position\":1,\"name\":\"Portada\",\"item\":\"https:\/\/www.mercabilbao.eus\/fr\/\"},{\"@type\":\"ListItem\",\"position\":2,\"name\":\"Pr\u00e9sentation\",\"item\":\"https:\/\/www.mercabilbao.eus\/fr\/presentation\/\"},{\"@type\":\"ListItem\",\"position\":3,\"name\":\"Qualit\u00e9 et environnement\"}]}]}<\/script>\n<!-- \/ Yoast SEO plugin. -->","yoast_head_json":{"title":"Qualit\u00e9 et environnement - Mercabilbao","description":"Mission, vision et valeurs Mission Nous sommes l\u2019Unit\u00e9 Alimentaire publique du Pays Basque qui fournit au secteur alimentaire un service complet de logistique et de commercialisation des produits frais et d\u00e9riv\u00e9s de qualit\u00e9, par le biais d\u2019infrastructures qui garantissent la s\u00e9curit\u00e9 alimentaire et la concurrence des","robots":{"index":"index","follow":"follow","max-snippet":"max-snippet:-1","max-image-preview":"max-image-preview:large","max-video-preview":"max-video-preview:-1"},"canonical":"https:\/\/www.mercabilbao.eus\/fr\/presentation\/qualite-et-environnement\/","og_locale":"fr_FR","og_type":"article","og_title":"Qualit\u00e9 et environnement - Mercabilbao","og_description":"Mission, vision et valeurs Mission Nous sommes l\u2019Unit\u00e9 Alimentaire publique du Pays Basque qui fournit au secteur alimentaire un service complet de logistique et de commercialisation des produits frais et d\u00e9riv\u00e9s de qualit\u00e9, par le biais d\u2019infrastructures qui garantissent la s\u00e9curit\u00e9 alimentaire et la concurrence des","og_url":"https:\/\/www.mercabilbao.eus\/fr\/presentation\/qualite-et-environnement\/","og_site_name":"Mercabilbao","article_modified_time":"2020-05-28T09:49:42+00:00","twitter_card":"summary_large_image","twitter_misc":{"Dur\u00e9e de lecture estim\u00e9e":"6 minutes"},"schema":{"@context":"https:\/\/schema.org","@graph":[{"@type":"WebSite","@id":"https:\/\/www.mercabilbao.eus\/fr\/#website","url":"https:\/\/www.mercabilbao.eus\/fr\/","name":"Mercabilbao","description":"Mercabilbao es el mayor centro de distribuci\u00f3n de alimentos perecederos del Norte de la Pen\u00ednsula Ib\u00e9rica.","potentialAction":[{"@type":"SearchAction","target":{"@type":"EntryPoint","urlTemplate":"https:\/\/www.mercabilbao.eus\/fr\/?s={search_term_string}"},"query-input":"required name=search_term_string"}],"inLanguage":"fr-FR"},{"@type":"WebPage","@id":"https:\/\/www.mercabilbao.eus\/fr\/presentation\/qualite-et-environnement\/","url":"https:\/\/www.mercabilbao.eus\/fr\/presentation\/qualite-et-environnement\/","name":"Qualit\u00e9 et environnement - Mercabilbao","isPartOf":{"@id":"https:\/\/www.mercabilbao.eus\/fr\/#website"},"datePublished":"2018-01-15T10:46:57+00:00","dateModified":"2020-05-28T09:49:42+00:00","description":"Mission, vision et valeurs Mission Nous sommes l\u2019Unit\u00e9 Alimentaire publique du Pays Basque qui fournit au secteur alimentaire un service complet de logistique et de commercialisation des produits frais et d\u00e9riv\u00e9s de qualit\u00e9, par le biais d\u2019infrastructures qui garantissent la s\u00e9curit\u00e9 alimentaire et la concurrence des","breadcrumb":{"@id":"https:\/\/www.mercabilbao.eus\/fr\/presentation\/qualite-et-environnement\/#breadcrumb"},"inLanguage":"fr-FR","potentialAction":[{"@type":"ReadAction","target":["https:\/\/www.mercabilbao.eus\/fr\/presentation\/qualite-et-environnement\/"]}]},{"@type":"BreadcrumbList","@id":"https:\/\/www.mercabilbao.eus\/fr\/presentation\/qualite-et-environnement\/#breadcrumb","itemListElement":[{"@type":"ListItem","position":1,"name":"Portada","item":"https:\/\/www.mercabilbao.eus\/fr\/"},{"@type":"ListItem","position":2,"name":"Pr\u00e9sentation","item":"https:\/\/www.mercabilbao.eus\/fr\/presentation\/"},{"@type":"ListItem","position":3,"name":"Qualit\u00e9 et environnement"}]}]}},"_links":{"self":[{"href":"https:\/\/www.mercabilbao.eus\/fr\/wp-json\/wp\/v2\/pages\/1698","targetHints":{"allow":["GET"]}}],"collection":[{"href":"https:\/\/www.mercabilbao.eus\/fr\/wp-json\/wp\/v2\/pages"}],"about":[{"href":"https:\/\/www.mercabilbao.eus\/fr\/wp-json\/wp\/v2\/types\/page"}],"author":[{"embeddable":true,"href":"https:\/\/www.mercabilbao.eus\/fr\/wp-json\/wp\/v2\/users\/1"}],"replies":[{"embeddable":true,"href":"https:\/\/www.mercabilbao.eus\/fr\/wp-json\/wp\/v2\/comments?post=1698"}],"version-history":[{"count":4,"href":"https:\/\/www.mercabilbao.eus\/fr\/wp-json\/wp\/v2\/pages\/1698\/revisions"}],"predecessor-version":[{"id":2892,"href":"https:\/\/www.mercabilbao.eus\/fr\/wp-json\/wp\/v2\/pages\/1698\/revisions\/2892"}],"up":[{"embeddable":true,"href":"https:\/\/www.mercabilbao.eus\/fr\/wp-json\/wp\/v2\/pages\/1638"}],"wp:attachment":[{"href":"https:\/\/www.mercabilbao.eus\/fr\/wp-json\/wp\/v2\/media?parent=1698"}],"curies":[{"name":"wp","href":"https:\/\/api.w.org\/{rel}","templated":true}]}}