{"id":1747,"date":"2018-01-23T17:00:32","date_gmt":"2018-01-23T17:00:32","guid":{"rendered":"https:\/\/www.mercabilbao.eus\/visites-de-mercabilbao\/"},"modified":"2020-03-23T15:05:18","modified_gmt":"2020-03-23T14:05:18","slug":"visites-de-mercabilbao","status":"publish","type":"page","link":"https:\/\/www.mercabilbao.eus\/fr\/information-pratique\/visites-de-mercabilbao\/","title":{"rendered":"Visites de Mercabilbao"},"content":{"rendered":"<p class=\"text-left\">Mercabilbao ouvre ses portes \u00e0 tous les professionnels, institutions, \u00e9tablissements scolaires et associations qui souhaitent conna\u00eetre l\u2019activit\u00e9 qui se d\u00e9veloppe sur un march\u00e9 de gros.<\/p>\n<p class=\"text-left\">Pour obtenir davantage d\u2019informations, s\u00e9lectionnez votre type de visite.<\/p>\n<dl id=\"preguntas\">\n<dt>\n<h3>Visites scolaires<\/h3>\n<\/dt>\n<dd>\n<p class=\"text-left\">La visite aura lieu en euskara ou en espagnol, \u00e0 la demande de l\u2019\u00e9tablissement scolaire. Le nombre maximum d\u2019\u00e9l\u00e8ves, par groupe et par jour sera de 25.<\/p>\n<div class=\"horas-visitas\">\n<p class=\"text-left\">09:45<\/p>\n<\/div>\n<div class=\"texto-visitas\">\n<p class=\"text-left\">Accueil des groupes \u00e0 l\u2019Atelier sensoriel.<\/p>\n<\/div>\n<div class=\"horas-visitas\">\n<p class=\"text-left\">09:45 \u00e0 10:00<\/p>\n<\/div>\n<div class=\"texto-visitas\">\n<p class=\"text-left\">Projection d\u2019une vid\u00e9o sur l\u2019activit\u00e9 de Mercabilbao, en euskara ou en espagnol. Distribution aux participants de gilets de s\u00e9curit\u00e9 pour r\u00e9aliser le parcours des installations.<\/p>\n<p class=\"duracion-aprox\">Dur\u00e9e approximative: 15\u2019.<\/p>\n<\/div>\n<div class=\"horas-visitas\">\n<p class=\"text-left\">10:00 \u00e0 10:40<\/p>\n<\/div>\n<div class=\"texto-visitas\">\n<p class=\"text-left\">Parcours des installations.<\/p>\n<p class=\"text-left\">Chaque visiteur recevra un filet d\u2019oranges en cadeau.<\/p>\n<p class=\"duracion-aprox\">Dur\u00e9e approximative: 15\u2019.<\/p>\n<\/div>\n<p><!--Sheet Slider--><\/p>\n<div class=\"sheet-slider\"><input id=\"s1\" class=\"sheet\" checked=\"checked\" name=\"slide1\" type=\"radio\" \/><br \/>\n<input id=\"s2\" class=\"sheet\" name=\"slide1\" type=\"radio\" \/><br \/>\n<input id=\"s3\" class=\"sheet\" name=\"slide1\" type=\"radio\" \/><\/p>\n<ul><!--imagenes--><\/p>\n<li class=\"tab\"><img decoding=\"async\" src=\"\/wp-content\/themes\/mercabilbao\/img\/slider1-visitas.jpg\" \/>\n<div>\n<h3>Visite<\/h3>\n<p>en classe<\/p>\n<\/div>\n<\/li>\n<li class=\"tab\"><img decoding=\"async\" src=\"\/wp-content\/themes\/mercabilbao\/img\/slider2-visitas.jpg\" \/>\n<div>\n<h3>Visite<\/h3>\n<p>cavec activit\u00e9s<\/p>\n<\/div>\n<\/li>\n<li class=\"tab\"><img decoding=\"async\" src=\"\/wp-content\/themes\/mercabilbao\/img\/slider3-visitas.jpg\" \/>\n<div>\n<h3>Visite<\/h3>\n<p>de Mercabilbao<\/p>\n<\/div>\n<\/li>\n<\/ul>\n<p><!--botones--><\/p>\n<div class=\"sh-btns\"><label for=\"s1\"><\/label><br \/>\n<label for=\"s2\"><\/label><br \/>\n<label for=\"s3\"><\/label><\/div>\n<p><!--flechas--><\/p>\n<div class=\"sh-arrows\"><label for=\"s1\"><\/label><br \/>\n<label for=\"s2\"><\/label><br \/>\n<label for=\"s3\"><\/label><\/div>\n<\/div>\n<p><!--Fin de Sheet Slider--><\/p>\n<div class=\"horas-visitas\">\n<p class=\"text-left\">10:40 \u00e0 10:55<\/p>\n<\/div>\n<div class=\"texto-visitas\">\n<p class=\"text-left\">Projection d\u2019une vid\u00e9o intitul\u00e9e \u00ab De la mer \u00e0 l\u2019assiette \u00bb, en euskara ou en espagnol. Distribution aux participants de tabliers et de gants pour l\u2019atelier de poisson.<\/p>\n<p class=\"duracion-aprox\">Dur\u00e9e approximative : 15\u2019.<\/p>\n<\/div>\n<div class=\"horas-visitas\">\n<p class=\"text-left\">10:55 \u00e0 11:20<\/p>\n<\/div>\n<div class=\"texto-visitas\">\n<p class=\"text-left\">Visite de l\u2019Atelier de poisson o\u00f9 les participants pourront voir le poisson frais et apprendre \u00e0 le manipuler. Le responsable leur montrera les diff\u00e9rentes parties du poisson et les pas \u00e0 suivre pour sa pr\u00e9paration : \u00e9caillage, nettoyage, d\u00e9coupe, etc.<\/p>\n<p class=\"text-left\">Les \u00e9l\u00e8ves pourront \u00e9galement manipuler le poisson et v\u00e9rifier ce que le responsable leur a expliqu\u00e9.<\/p>\n<p class=\"duracion-aprox\">Dur\u00e9e approximative : 25\u2019.<\/p>\n<\/div>\n<div class=\"horas-visitas\">\n<p class=\"text-left\">11:20 \u00e0 12:00<\/p>\n<\/div>\n<div class=\"texto-visitas\">\n<p class=\"text-left\">Le Txoko Slow Food (ou Coin de l\u2019Alimentation Lente) qui consiste en un agr\u00e9able entretien, adapt\u00e9 \u00e0 l\u2019\u00e2ge des participants, o\u00f9 \u00e9l\u00e8ves et enseignants seront inform\u00e9s sur l\u2019organisation Slow : ce qu\u2019elle nous offre, comment elle peut am\u00e9liorer notre vie gr\u00e2ce \u00e0 une meilleure alimentation.<\/p>\n<p class=\"text-left\">On y pr\u00e9sente \u00e9galement la Pyramide alimentaire et certaines donn\u00e9es int\u00e9ressantes pour nous aider \u00e0 nous nourrir ad\u00e9quatement aux diff\u00e9rents moments de la journ\u00e9e. Il y aura \u00e9galement des jeux adapt\u00e9s pour r\u00e9pondre aux questions formul\u00e9es sur l\u2019information re\u00e7ue.<\/p>\n<p class=\"text-left\">Des questions au degr\u00e9 de difficult\u00e9 adapt\u00e9 aux \u00e9l\u00e8ves du primaire ou du secondaire seront pos\u00e9es sur le Slow Food, les l\u00e9gumes et les poissons. Ces jeux recherchent la participation des \u00e9l\u00e8ves et l\u2019assimilation des id\u00e9es apprises, en aucun cas la comp\u00e9tition.<\/p>\n<p class=\"text-left\">Avant de passer \u00e0 la derni\u00e8re phase de la visite, la monitrice expliquera aux assistants, bri\u00e8vement et d\u2019une mani\u00e8re graphique, la signification du terme \u00ab surimi \u00bb, ainsi que l\u2019\u00e9laboration de ce produit issu de la p\u00eache. Ces derniers pourront ensuite le d\u00e9guster \u00e0 l\u2019atelier.<\/p>\n<p class=\"duracion-aprox\">Dur\u00e9e approximative : 40\u2019.<\/p>\n<\/div>\n<div class=\"horas-visitas\">\n<p class=\"text-left\">12:00 \u00e0 12:15<\/p>\n<\/div>\n<div class=\"texto-visitas\">\n<p class=\"text-left\">Pour finir, une d\u00e9gustation de pintxos de poisson, de gulas et de jus \/ lait frapp\u00e9 aux fruits frais. Les enfants tout comme les enseignants pourront d\u00e9poser leur avis* dans l\u2019urne colima\u00e7on.<\/p>\n<\/div>\n<div class=\"horas-visitas\">\n<p class=\"text-left\">Avant de partir:<\/p>\n<\/div>\n<div class=\"texto-visitas\">\n<p class=\"text-left\"><b>Il y aura des cadeaux pour tous!<\/b><\/p>\n<ul class=\"ul-margin-left\">\n<li>Un guide Slow Food<\/li>\n<li>Des CD avec du mat\u00e9riel didactique pour la classe : fiches de fruits, de l\u00e9gumes et de poissons.<\/li>\n<li>Des crayons s\u00e9rigraphi\u00e9s.<\/li>\n<li>Des b\u00e2tonnets de surimi avec des recettes.<\/li>\n<\/ul>\n<p class=\"duracion-aprox\">Dur\u00e9e approximative : 15\u2019<\/p>\n<\/div>\n<h2>Dates et horaires de la visite<\/h2>\n<p class=\"text-left\">Tous les mardis et les jeudis, d\u2019octobre \u00e0 mai, de 09:45 \u00e0 12:15, except\u00e9s les jours f\u00e9ri\u00e9s et le mois de d\u00e9cembre.<\/p>\n<p class=\"text-left\">Le programme de visites scolaires aura un calendrier \u00e9quivalent au calendrier scolaire, la p\u00e9riode d\u2019inscription commen\u00e7ant la premi\u00e8re semaine de septembre.<\/p>\n<p class=\"text-left\">La s\u00e9lection de dates par les int\u00e9ress\u00e9s s\u2019effectuera par l\u2019ordre strict de demande.<\/p>\n<p class=\"text-left\"><b>Pour demander cette visite vous pouvez contacter :<\/b><\/p>\n<h2>Le D\u00e9partement du D\u00e9veloppement Corporatif<\/h2>\n<p class=\"text-left\">Tfno.: <a class=\"enlace-pagina\" href=\"tel:944492758\">944 492 758<\/a> \/<a class=\"enlace-pagina\" href=\"tel:944490893\">944 490 893<\/a><\/p>\n<p class=\"text-left\">e-mail: <a class=\"enlace-pagina\" href=\"mailto:desarrollocorporativo@mercabilbao.eus\">desarrollocorporativo@mercabilbao.eus<\/a><\/p>\n<\/dd>\n<dt>\n<h3 id=\"visitasprofesionales\">Visites Professionnelles<\/h3>\n<\/dt>\n<dd>\n<p class=\"text-left\">Professionnels du secteur agroalimentaire (repr\u00e9sentants d\u2019institutions, producteurs, responsables de march\u00e9s<br \/>\ndu monde entier, etc.).<\/p>\n<h2>Programme de la visite<\/h2>\n<ul class=\"ul-margin-left\">\n<li>Parcours \u00e0 travers les installations<\/li>\n<li>Petit d\u00e9jeuner<\/li>\n<li>Session de travail sur le secteur d\u2019int\u00e9r\u00eat, avec des responsables de l\u2019Equipe de Direction de Mercabilbao et des repr\u00e9sentants du secteur en question.<\/li>\n<li>Information statistique et indicateurs \u00e9conomiques<\/li>\n<\/ul>\n<h2>Formulaire de demande<\/h2>\n<p><form id=\"contact_form\" action=\"#\" method=\"POST\">\n\t<div class=\"row1\">\n\t\t<input id=\"organizacion\" class=\"input\" name=\"organizacion\" value=\"\" type=\"text\" placeholder=\"Organisation\/entreprise*\" \/>\n\t<\/div>\n\t<div class=\"row2\">\n\t\t<input id=\"persona\" class=\"input\" name=\"persona\" value=\"\" type=\"text\" placeholder=\"Personne \u00e0 contacter*\" \/>\n\t\t<input id=\"cargo\" class=\"input\" name=\"cargo\" value=\"\" type=\"text\" placeholder=\"Fonction*\" \/>\n\t<\/div>\n\t<div class=\"row1\">\n\t\t<textarea id=\"objetivo\" class=\"input\" name=\"objetivo\" type=\"text\" placeholder=\"Objet de la visite\/centres d\u2019int\u00e9r\u00eat\"><\/textarea>\n\t<\/div>\n\t<div class=\"row2\">\n\t\t<input id=\"numero-personas\" class=\"input\" name=\"numero-personas\" value=\"\" type=\"text\" placeholder=\"Nombre de personnes\" \/>\n\t<\/div>\n\t<div class=\"row1\">\n\t\t<textarea id=\"cargo-visitantes\" class=\"input\" name=\"cargo-visitantes\" type=\"text\" placeholder=\"Fonctions des visiteurs\"><\/textarea>\n\t<\/div>\n\t<div class=\"row2\">\n\t\t<input id=\"fechas\" class=\"input\" name=\"fechas\" value=\"\" type=\"text\" placeholder=\"Dates propos\u00e9es\" \/>\n\t\t<input id=\"email\" class=\"input\" name=\"email\" value=\"\" type=\"text\" placeholder=\"E-mail*\" \/>\n\t\t<input id=\"telefono\" class=\"input\" name=\"telefono\" value=\"\" type=\"text\" placeholder=\"T\u00e9l\u00e9phone*\" \/>\n\t\t<input id=\"tipo-visita\" class=\"input\" name=\"tipo-visita\" value=\"\" type=\"text\" placeholder=\"Type de visite\" \/>\n\t<\/div>\n\t<div class=\"row1\">\n\t\t<textarea id=\"comentarios\" class=\"input\" name=\"comentarios\" type=\"text\" placeholder=\"Commentaires\"><\/textarea>\n\t<\/div>\n\t<script src=\"https:\/\/www.google.com\/recaptcha\/api.js\"><\/script>\n\t<div class=\"g-recaptcha\" data-sitekey=\"6LdeeE8UAAAAAKnTciJ-ry8FfB8VIOBdKKnJTnun\"><\/div>\n\t<div class=\"acepto-legal\"><p class=\"text-left\"><input type=\"checkbox\" name=\"acepto-aviso-legal\" value=\"1\"\/>J\u2019accepte <a href=\"https:\/\/www.mercabilbao.eus\/aviso-legal\/\">les mentions l\u00e9gales<\/a>.<\/p><\/div>\n\t<input id=\"submit_button\" name=\"submitcontactpage\" type=\"submit\" value=\"Envoyer\" \/>\n<\/form>\t<\/dd>\n<\/dl>\n","protected":false},"excerpt":{"rendered":"<p>Mercabilbao ouvre ses portes \u00e0 tous les professionnels, institutions, \u00e9tablissements scolaires et associations qui souhaitent conna\u00eetre l\u2019activit\u00e9 qui se d\u00e9veloppe sur un march\u00e9 de gros. Pour obtenir davantage d\u2019informations, s\u00e9lectionnez [&hellip;]<\/p>\n","protected":false},"author":1,"featured_media":0,"parent":1644,"menu_order":60,"comment_status":"closed","ping_status":"closed","template":"page-visitas.php","meta":{"footnotes":""},"class_list":["post-1747","page","type-page","status-publish","hentry"],"yoast_head":"<!-- This site is optimized with the Yoast SEO plugin v19.3 - https:\/\/yoast.com\/wordpress\/plugins\/seo\/ -->\n<title>Visites de Mercabilbao - Mercabilbao<\/title>\n<meta name=\"description\" content=\"Mercabilbao ouvre ses portes \u00e0 tous les professionnels, institutions, \u00e9tablissements scolaires et associations qui souhaitent conna\u00eetre l\u2019activit\u00e9 qui se d\u00e9veloppe sur un march\u00e9 de gros. Pour obtenir davantage d\u2019informations, s\u00e9lectionnez votre type de visite. Visites scolaires La visite aura lieu en euskara ou en espa\" \/>\n<meta name=\"robots\" content=\"index, follow, max-snippet:-1, max-image-preview:large, max-video-preview:-1\" \/>\n<link rel=\"canonical\" href=\"https:\/\/www.mercabilbao.eus\/fr\/information-pratique\/visites-de-mercabilbao\/\" \/>\n<meta property=\"og:locale\" content=\"fr_FR\" \/>\n<meta property=\"og:type\" content=\"article\" \/>\n<meta property=\"og:title\" content=\"Visites de Mercabilbao - Mercabilbao\" \/>\n<meta property=\"og:description\" content=\"Mercabilbao ouvre ses portes \u00e0 tous les professionnels, institutions, \u00e9tablissements scolaires et associations qui souhaitent conna\u00eetre l\u2019activit\u00e9 qui se d\u00e9veloppe sur un march\u00e9 de gros. Pour obtenir davantage d\u2019informations, s\u00e9lectionnez votre type de visite. Visites scolaires La visite aura lieu en euskara ou en espa\" \/>\n<meta property=\"og:url\" content=\"https:\/\/www.mercabilbao.eus\/fr\/information-pratique\/visites-de-mercabilbao\/\" \/>\n<meta property=\"og:site_name\" content=\"Mercabilbao\" \/>\n<meta property=\"article:modified_time\" content=\"2020-03-23T14:05:18+00:00\" \/>\n<meta name=\"twitter:card\" content=\"summary_large_image\" \/>\n<meta name=\"twitter:label1\" content=\"Dur\u00e9e de lecture estim\u00e9e\" \/>\n\t<meta name=\"twitter:data1\" content=\"3 minutes\" \/>\n<script type=\"application\/ld+json\" class=\"yoast-schema-graph\">{\"@context\":\"https:\/\/schema.org\",\"@graph\":[{\"@type\":\"WebSite\",\"@id\":\"https:\/\/www.mercabilbao.eus\/fr\/#website\",\"url\":\"https:\/\/www.mercabilbao.eus\/fr\/\",\"name\":\"Mercabilbao\",\"description\":\"Mercabilbao es el mayor centro de distribuci\u00f3n de alimentos perecederos del Norte de la Pen\u00ednsula Ib\u00e9rica.\",\"potentialAction\":[{\"@type\":\"SearchAction\",\"target\":{\"@type\":\"EntryPoint\",\"urlTemplate\":\"https:\/\/www.mercabilbao.eus\/fr\/?s={search_term_string}\"},\"query-input\":\"required name=search_term_string\"}],\"inLanguage\":\"fr-FR\"},{\"@type\":\"WebPage\",\"@id\":\"https:\/\/www.mercabilbao.eus\/fr\/information-pratique\/visites-de-mercabilbao\/\",\"url\":\"https:\/\/www.mercabilbao.eus\/fr\/information-pratique\/visites-de-mercabilbao\/\",\"name\":\"Visites de Mercabilbao - Mercabilbao\",\"isPartOf\":{\"@id\":\"https:\/\/www.mercabilbao.eus\/fr\/#website\"},\"datePublished\":\"2018-01-23T17:00:32+00:00\",\"dateModified\":\"2020-03-23T14:05:18+00:00\",\"description\":\"Mercabilbao ouvre ses portes \u00e0 tous les professionnels, institutions, \u00e9tablissements scolaires et associations qui souhaitent conna\u00eetre l\u2019activit\u00e9 qui se d\u00e9veloppe sur un march\u00e9 de gros. Pour obtenir davantage d\u2019informations, s\u00e9lectionnez votre type de visite. Visites scolaires La visite aura lieu en euskara ou en espa\",\"breadcrumb\":{\"@id\":\"https:\/\/www.mercabilbao.eus\/fr\/information-pratique\/visites-de-mercabilbao\/#breadcrumb\"},\"inLanguage\":\"fr-FR\",\"potentialAction\":[{\"@type\":\"ReadAction\",\"target\":[\"https:\/\/www.mercabilbao.eus\/fr\/information-pratique\/visites-de-mercabilbao\/\"]}]},{\"@type\":\"BreadcrumbList\",\"@id\":\"https:\/\/www.mercabilbao.eus\/fr\/information-pratique\/visites-de-mercabilbao\/#breadcrumb\",\"itemListElement\":[{\"@type\":\"ListItem\",\"position\":1,\"name\":\"Portada\",\"item\":\"https:\/\/www.mercabilbao.eus\/fr\/\"},{\"@type\":\"ListItem\",\"position\":2,\"name\":\"Information pratique\",\"item\":\"https:\/\/www.mercabilbao.eus\/fr\/information-pratique\/\"},{\"@type\":\"ListItem\",\"position\":3,\"name\":\"Visites de Mercabilbao\"}]}]}<\/script>\n<!-- \/ Yoast SEO plugin. -->","yoast_head_json":{"title":"Visites de Mercabilbao - Mercabilbao","description":"Mercabilbao ouvre ses portes \u00e0 tous les professionnels, institutions, \u00e9tablissements scolaires et associations qui souhaitent conna\u00eetre l\u2019activit\u00e9 qui se d\u00e9veloppe sur un march\u00e9 de gros. Pour obtenir davantage d\u2019informations, s\u00e9lectionnez votre type de visite. Visites scolaires La visite aura lieu en euskara ou en espa","robots":{"index":"index","follow":"follow","max-snippet":"max-snippet:-1","max-image-preview":"max-image-preview:large","max-video-preview":"max-video-preview:-1"},"canonical":"https:\/\/www.mercabilbao.eus\/fr\/information-pratique\/visites-de-mercabilbao\/","og_locale":"fr_FR","og_type":"article","og_title":"Visites de Mercabilbao - Mercabilbao","og_description":"Mercabilbao ouvre ses portes \u00e0 tous les professionnels, institutions, \u00e9tablissements scolaires et associations qui souhaitent conna\u00eetre l\u2019activit\u00e9 qui se d\u00e9veloppe sur un march\u00e9 de gros. Pour obtenir davantage d\u2019informations, s\u00e9lectionnez votre type de visite. Visites scolaires La visite aura lieu en euskara ou en espa","og_url":"https:\/\/www.mercabilbao.eus\/fr\/information-pratique\/visites-de-mercabilbao\/","og_site_name":"Mercabilbao","article_modified_time":"2020-03-23T14:05:18+00:00","twitter_card":"summary_large_image","twitter_misc":{"Dur\u00e9e de lecture estim\u00e9e":"3 minutes"},"schema":{"@context":"https:\/\/schema.org","@graph":[{"@type":"WebSite","@id":"https:\/\/www.mercabilbao.eus\/fr\/#website","url":"https:\/\/www.mercabilbao.eus\/fr\/","name":"Mercabilbao","description":"Mercabilbao es el mayor centro de distribuci\u00f3n de alimentos perecederos del Norte de la Pen\u00ednsula Ib\u00e9rica.","potentialAction":[{"@type":"SearchAction","target":{"@type":"EntryPoint","urlTemplate":"https:\/\/www.mercabilbao.eus\/fr\/?s={search_term_string}"},"query-input":"required name=search_term_string"}],"inLanguage":"fr-FR"},{"@type":"WebPage","@id":"https:\/\/www.mercabilbao.eus\/fr\/information-pratique\/visites-de-mercabilbao\/","url":"https:\/\/www.mercabilbao.eus\/fr\/information-pratique\/visites-de-mercabilbao\/","name":"Visites de Mercabilbao - Mercabilbao","isPartOf":{"@id":"https:\/\/www.mercabilbao.eus\/fr\/#website"},"datePublished":"2018-01-23T17:00:32+00:00","dateModified":"2020-03-23T14:05:18+00:00","description":"Mercabilbao ouvre ses portes \u00e0 tous les professionnels, institutions, \u00e9tablissements scolaires et associations qui souhaitent conna\u00eetre l\u2019activit\u00e9 qui se d\u00e9veloppe sur un march\u00e9 de gros. Pour obtenir davantage d\u2019informations, s\u00e9lectionnez votre type de visite. Visites scolaires La visite aura lieu en euskara ou en espa","breadcrumb":{"@id":"https:\/\/www.mercabilbao.eus\/fr\/information-pratique\/visites-de-mercabilbao\/#breadcrumb"},"inLanguage":"fr-FR","potentialAction":[{"@type":"ReadAction","target":["https:\/\/www.mercabilbao.eus\/fr\/information-pratique\/visites-de-mercabilbao\/"]}]},{"@type":"BreadcrumbList","@id":"https:\/\/www.mercabilbao.eus\/fr\/information-pratique\/visites-de-mercabilbao\/#breadcrumb","itemListElement":[{"@type":"ListItem","position":1,"name":"Portada","item":"https:\/\/www.mercabilbao.eus\/fr\/"},{"@type":"ListItem","position":2,"name":"Information pratique","item":"https:\/\/www.mercabilbao.eus\/fr\/information-pratique\/"},{"@type":"ListItem","position":3,"name":"Visites de Mercabilbao"}]}]}},"_links":{"self":[{"href":"https:\/\/www.mercabilbao.eus\/fr\/wp-json\/wp\/v2\/pages\/1747","targetHints":{"allow":["GET"]}}],"collection":[{"href":"https:\/\/www.mercabilbao.eus\/fr\/wp-json\/wp\/v2\/pages"}],"about":[{"href":"https:\/\/www.mercabilbao.eus\/fr\/wp-json\/wp\/v2\/types\/page"}],"author":[{"embeddable":true,"href":"https:\/\/www.mercabilbao.eus\/fr\/wp-json\/wp\/v2\/users\/1"}],"replies":[{"embeddable":true,"href":"https:\/\/www.mercabilbao.eus\/fr\/wp-json\/wp\/v2\/comments?post=1747"}],"version-history":[{"count":1,"href":"https:\/\/www.mercabilbao.eus\/fr\/wp-json\/wp\/v2\/pages\/1747\/revisions"}],"predecessor-version":[{"id":2568,"href":"https:\/\/www.mercabilbao.eus\/fr\/wp-json\/wp\/v2\/pages\/1747\/revisions\/2568"}],"up":[{"embeddable":true,"href":"https:\/\/www.mercabilbao.eus\/fr\/wp-json\/wp\/v2\/pages\/1644"}],"wp:attachment":[{"href":"https:\/\/www.mercabilbao.eus\/fr\/wp-json\/wp\/v2\/media?parent=1747"}],"curies":[{"name":"wp","href":"https:\/\/api.w.org\/{rel}","templated":true}]}}