{"id":4291,"date":"2023-01-13T11:58:51","date_gmt":"2023-01-13T10:58:51","guid":{"rendered":"https:\/\/www.mercabilbao.eus\/?page_id=4291"},"modified":"2026-03-24T08:24:29","modified_gmt":"2026-03-24T07:24:29","slug":"horaries","status":"publish","type":"page","link":"https:\/\/www.mercabilbao.eus\/fr\/horaries\/","title":{"rendered":"Calendrier et horaires du march\u00e9"},"content":{"rendered":"<div class=\"tabla-vista-gra\">\n<h1 id=\"tw-target-text\" class=\"tw-data-text tw-text-large tw-ta\" dir=\"ltr\" data-placeholder=\"Traducci\u00f3n\"><span class=\"Y2IQFc\" lang=\"fr\">Calendrier et horaires du march\u00e9<\/span><\/h1>\n<h2 id=\"tw-target-text\" class=\"tw-data-text tw-text-large tw-ta\" dir=\"ltr\" data-placeholder=\"Traducci\u00f3n\"><span class=\"Y2IQFc\" lang=\"fr\">Bureaux g\u00e9n\u00e9raux de Mercabilbao<\/span><\/h2>\n<pre class=\"tw-data-text tw-text-large tw-ta\" dir=\"ltr\" data-placeholder=\"Traducci\u00f3n\"><span class=\"Y2IQFc\" lang=\"fr\">Horaires d'ouverture au public : du lundi au vendredi de 6h30 \u00e0 13h30\r\n\r\n<\/span><\/pre>\n<h2 id=\"tw-target-text\" class=\"tw-data-text tw-text-large tw-ta\" dir=\"ltr\" data-placeholder=\"Traducci\u00f3n\"><span class=\"Y2IQFc\" lang=\"fr\">March\u00e9 aux poissons et fruits de mer<\/span><\/h2>\n<table class=\"table-horarios table-pescados\">\n<tbody>\n<tr>\n<td class=\"titulo-tabla\" colspan=\"4\">Poissons et crustac\u00e9s<\/td>\n<\/tr>\n<tr>\n<td class=\"dest\"><b>Jours de vente<\/b><\/td>\n<td class=\"dest\"><b>Acc\u00e8s pour acheteurs<\/b><\/td>\n<td class=\"dest\"><b>Venta<\/b><\/td>\n<td class=\"dest\"><b>Chargement et d\u00e9chargement des transporteurs<\/b><\/td>\n<\/tr>\n<tr>\n<td>Du mardi au vendredi<\/td>\n<td>4:30h \u00e0 9:00h<\/td>\n<td>5:00h \u00e0 9:00h<\/td>\n<td rowspan=\"2\">Du lundi au vendredi de 00:00h \u00e0 04:30h et de 14:30h \u00e0 24:00h<br \/>\nSamedi 24 heures<br \/>\nDimanches et jours f\u00e9ri\u00e9s de 00:00h \u00e0 16:00h et de 20:00h \u00e0 24:00h<\/td>\n<\/tr>\n<tr>\n<td>Samedi<\/td>\n<td>5:00h \u00e0 9.00h<\/td>\n<td>6:00h \u00e0 9:00h<\/td>\n<\/tr>\n<\/tbody>\n<\/table>\n<p>Calendrier du march\u00e9 aux poissons et fruits de mer (document PDF \u00e0 t\u00e9l\u00e9charger)<\/p>\n<h2>March\u00e9 aux fruits, l\u00e9gumes et bananes<\/h2>\n<table class=\"table-horarios table-frutas\">\n<tbody>\n<tr>\n<td class=\"titulo-tabla\" colspan=\"4\">Fruits, l\u00e9gumes et bananes<\/td>\n<\/tr>\n<tr>\n<td class=\"dest\"><b>Jours de vente<\/b><\/td>\n<td class=\"dest\"><b>Acc\u00e8s pour acheteurs<\/b><\/td>\n<td class=\"dest\"><b>Venta<\/b><\/td>\n<td class=\"dest\">\u00a0<b>Chargement et d\u00e9chargement des transporteurs<\/b><\/td>\n<\/tr>\n<tr>\n<td>Du lundi au vendredi<\/td>\n<td>5:00h\u00a0\u00e0 11:00h<\/td>\n<td>6:00h \u00e0 11:00h<\/td>\n<td rowspan=\"2\">Du lundi au vendredi de 00:00H \u00e0 04:30h et de 14:30h \u00e0 24:00h<br \/>\nSamedi 24 heures<br \/>\nDimanches et jours f\u00e9ri\u00e9s de 00:00H \u00e0 16:00h et de 20:00h \u00e0 24:00h<\/td>\n<\/tr>\n<tr>\n<td>Dimanche<\/td>\n<td>Abonn\u00e9s 16:00h\u00a0\u00e0 18:00h<br \/>\n<strong>NON-Abonn\u00e9s<\/strong> 16:30h\u00a0\u00e0 18:00h<\/td>\n<td>Abonn\u00e9s 16:00h\u00a0\u00e0 18:00h<br \/>\n<strong>NON-Abonn\u00e9s<\/strong> 16:30h\u00a0\u00e0 18:00h<\/td>\n<\/tr>\n<\/tbody>\n<\/table>\n<p>Calendrier du march\u00e9 des fruits, l\u00e9gumes et bananes (document PDF \u00e0 t\u00e9l\u00e9charger)<\/p>\n<h2>Pavillon polyvalent<\/h2>\n<table class=\"table-horarios table-polivalente\">\n<tbody>\n<tr>\n<td class=\"titulo-tabla\" colspan=\"4\">Polyvalent<\/td>\n<\/tr>\n<tr>\n<td class=\"dest\"><b>Jours de vente<\/b><\/td>\n<td class=\"dest\"><b>Acc\u00e8s pour acheteurs<\/b><\/td>\n<td class=\"dest\"><b>Venta<\/b><\/td>\n<td class=\"dest\">\u00a0<b>Chargement et d\u00e9chargement des transporteurs<\/b><\/td>\n<\/tr>\n<tr>\n<td>Du lundi au vendredi<\/td>\n<td>5:00h\u00a0\u00e0 11:00h<\/td>\n<td>5:00h \u00e0 11:00h<\/td>\n<td rowspan=\"2\">Du lundi au vendredi de 00:00h \u00e0 04:30h et de 14:30h \u00e0 24:00h<br \/>\nSamedi 24 heures<br \/>\nDimanches et jours f\u00e9ri\u00e9s de 00:00h \u00e0 16:00h et de 20:00h \u00e0 24:00h<\/td>\n<\/tr>\n<\/tbody>\n<\/table>\n<p>Calendrier du pavillon polyvalent (document PDF \u00e0 t\u00e9l\u00e9charger)<\/p>\n<h2>Nettoyage des quais de chargement et des routes<\/h2>\n<p>Pendant le programme de nettoyage actuel, il n&rsquo;est pas possible de garer des v\u00e9hicules sur les quais du Pavillon et dans leurs zones les plus proches, ni sur les routes de fret. Nous appr\u00e9cions votre collaboration.<\/p>\n<\/div>\n<div class=\"tabla-vista-peq\"><\/div>\n<table class=\"table-tarifas\" style=\"height: 276px;\" width=\"100%\">\n<tbody>\n<tr>\n<td class=\"titulo-tabla\">Activit\u00e9<\/td>\n<td class=\"titulo-tabla1\">Le num\u00e9ro<\/td>\n<td class=\"titulo-tabla1\">Heures de nettoyage des quais et des routes<\/td>\n<\/tr>\n<tr>\n<td class=\"dest\"><b>Gel\u00e9 et \u00ab\u00a0Froid Bilbao\u00a0\u00bb<\/b><\/td>\n<td>8<\/td>\n<td>8:00h \u00e0 08:45h<\/td>\n<\/tr>\n<tr>\n<td class=\"dest\"><b>Fruits de mer<\/b><\/td>\n<td>1<\/td>\n<td>8:30h \u00e0 10:30h<\/td>\n<\/tr>\n<tr>\n<td class=\"dest\"><b>Polyvalent<\/b><\/td>\n<td>5<\/td>\n<td>10:00h \u00e0 10:30h<\/td>\n<\/tr>\n<tr>\n<td class=\"dest\"><b>Produits du Pays et A.C.<\/b><\/td>\n<td>7 y 9<\/td>\n<td>10:00h \u00e0 10:30h<\/td>\n<\/tr>\n<tr>\n<td class=\"dest\"><b>Fruits et l\u00e9gumes<\/b><\/td>\n<td>3<\/td>\n<td>11:00h \u00e0 12:00h<\/td>\n<\/tr>\n<tr>\n<td class=\"dest\"><b>Fruits et l\u00e9gumes<\/b><\/td>\n<td>2<\/td>\n<td>11:45h \u00e0 12:45h<\/td>\n<\/tr>\n<tr>\n<td class=\"dest\"><b>R\u00e9frig\u00e9rateur g\u00e9n\u00e9ral<\/b><\/td>\n<td>4<\/td>\n<td>11:45h \u00e0 12:15h<\/td>\n<\/tr>\n<tr>\n<td class=\"dest\"><b>Bananes<\/b><\/td>\n<td>6<\/td>\n<td>12:30h \u00e0 13:00h<\/td>\n<\/tr>\n<tr>\n<td class=\"dest\"><b>Conteneurs vides<\/b><\/td>\n<td><\/td>\n<td>12:45h \u00e0 13:15h<\/td>\n<\/tr>\n<\/tbody>\n<\/table>\n<p>Horaires r\u00e9capitulatifs (T\u00e9l\u00e9charger le document PDF)<\/p>\n","protected":false},"excerpt":{"rendered":"<p>Calendrier et horaires du march\u00e9 Bureaux g\u00e9n\u00e9raux de Mercabilbao Horaires d&rsquo;ouverture au public : du lundi au vendredi de 6h30 \u00e0 13h30 March\u00e9 aux poissons et fruits de mer Poissons [&hellip;]<\/p>\n","protected":false},"author":1,"featured_media":0,"parent":0,"menu_order":0,"comment_status":"closed","ping_status":"closed","template":"","meta":{"footnotes":""},"class_list":["post-4291","page","type-page","status-publish","hentry"],"yoast_head":"<!-- This site is optimized with the Yoast SEO plugin v19.3 - https:\/\/yoast.com\/wordpress\/plugins\/seo\/ -->\n<title>Calendrier et horaires du march\u00e9 - Mercabilbao<\/title>\n<meta name=\"robots\" content=\"index, follow, max-snippet:-1, max-image-preview:large, max-video-preview:-1\" \/>\n<link rel=\"canonical\" href=\"https:\/\/www.mercabilbao.eus\/fr\/horaries\/\" \/>\n<meta property=\"og:locale\" content=\"fr_FR\" \/>\n<meta property=\"og:type\" content=\"article\" \/>\n<meta property=\"og:title\" content=\"Calendrier et horaires du march\u00e9 - Mercabilbao\" \/>\n<meta property=\"og:description\" content=\"Calendrier et horaires du march\u00e9 Bureaux g\u00e9n\u00e9raux de Mercabilbao Horaires d&#039;ouverture au public : du lundi au vendredi de 6h30 \u00e0 13h30 March\u00e9 aux poissons et fruits de mer Poissons [&hellip;]\" \/>\n<meta property=\"og:url\" content=\"https:\/\/www.mercabilbao.eus\/fr\/horaries\/\" \/>\n<meta property=\"og:site_name\" content=\"Mercabilbao\" \/>\n<meta property=\"article:modified_time\" content=\"2026-03-24T07:24:29+00:00\" \/>\n<meta name=\"twitter:card\" content=\"summary_large_image\" \/>\n<meta name=\"twitter:label1\" content=\"Dur\u00e9e de lecture estim\u00e9e\" \/>\n\t<meta name=\"twitter:data1\" content=\"2 minutes\" \/>\n<script type=\"application\/ld+json\" class=\"yoast-schema-graph\">{\"@context\":\"https:\/\/schema.org\",\"@graph\":[{\"@type\":\"WebSite\",\"@id\":\"https:\/\/www.mercabilbao.eus\/fr\/#website\",\"url\":\"https:\/\/www.mercabilbao.eus\/fr\/\",\"name\":\"Mercabilbao\",\"description\":\"Mercabilbao es el mayor centro de distribuci\u00f3n de alimentos perecederos del Norte de la Pen\u00ednsula Ib\u00e9rica.\",\"potentialAction\":[{\"@type\":\"SearchAction\",\"target\":{\"@type\":\"EntryPoint\",\"urlTemplate\":\"https:\/\/www.mercabilbao.eus\/fr\/?s={search_term_string}\"},\"query-input\":\"required name=search_term_string\"}],\"inLanguage\":\"fr-FR\"},{\"@type\":\"WebPage\",\"@id\":\"https:\/\/www.mercabilbao.eus\/fr\/horaries\/\",\"url\":\"https:\/\/www.mercabilbao.eus\/fr\/horaries\/\",\"name\":\"Calendrier et horaires du march\u00e9 - Mercabilbao\",\"isPartOf\":{\"@id\":\"https:\/\/www.mercabilbao.eus\/fr\/#website\"},\"datePublished\":\"2023-01-13T10:58:51+00:00\",\"dateModified\":\"2026-03-24T07:24:29+00:00\",\"breadcrumb\":{\"@id\":\"https:\/\/www.mercabilbao.eus\/fr\/horaries\/#breadcrumb\"},\"inLanguage\":\"fr-FR\",\"potentialAction\":[{\"@type\":\"ReadAction\",\"target\":[\"https:\/\/www.mercabilbao.eus\/fr\/horaries\/\"]}]},{\"@type\":\"BreadcrumbList\",\"@id\":\"https:\/\/www.mercabilbao.eus\/fr\/horaries\/#breadcrumb\",\"itemListElement\":[{\"@type\":\"ListItem\",\"position\":1,\"name\":\"Portada\",\"item\":\"https:\/\/www.mercabilbao.eus\/fr\/\"},{\"@type\":\"ListItem\",\"position\":2,\"name\":\"Calendrier et horaires du march\u00e9\"}]}]}<\/script>\n<!-- \/ Yoast SEO plugin. -->","yoast_head_json":{"title":"Calendrier et horaires du march\u00e9 - Mercabilbao","robots":{"index":"index","follow":"follow","max-snippet":"max-snippet:-1","max-image-preview":"max-image-preview:large","max-video-preview":"max-video-preview:-1"},"canonical":"https:\/\/www.mercabilbao.eus\/fr\/horaries\/","og_locale":"fr_FR","og_type":"article","og_title":"Calendrier et horaires du march\u00e9 - Mercabilbao","og_description":"Calendrier et horaires du march\u00e9 Bureaux g\u00e9n\u00e9raux de Mercabilbao Horaires d'ouverture au public : du lundi au vendredi de 6h30 \u00e0 13h30 March\u00e9 aux poissons et fruits de mer Poissons [&hellip;]","og_url":"https:\/\/www.mercabilbao.eus\/fr\/horaries\/","og_site_name":"Mercabilbao","article_modified_time":"2026-03-24T07:24:29+00:00","twitter_card":"summary_large_image","twitter_misc":{"Dur\u00e9e de lecture estim\u00e9e":"2 minutes"},"schema":{"@context":"https:\/\/schema.org","@graph":[{"@type":"WebSite","@id":"https:\/\/www.mercabilbao.eus\/fr\/#website","url":"https:\/\/www.mercabilbao.eus\/fr\/","name":"Mercabilbao","description":"Mercabilbao es el mayor centro de distribuci\u00f3n de alimentos perecederos del Norte de la Pen\u00ednsula Ib\u00e9rica.","potentialAction":[{"@type":"SearchAction","target":{"@type":"EntryPoint","urlTemplate":"https:\/\/www.mercabilbao.eus\/fr\/?s={search_term_string}"},"query-input":"required name=search_term_string"}],"inLanguage":"fr-FR"},{"@type":"WebPage","@id":"https:\/\/www.mercabilbao.eus\/fr\/horaries\/","url":"https:\/\/www.mercabilbao.eus\/fr\/horaries\/","name":"Calendrier et horaires du march\u00e9 - Mercabilbao","isPartOf":{"@id":"https:\/\/www.mercabilbao.eus\/fr\/#website"},"datePublished":"2023-01-13T10:58:51+00:00","dateModified":"2026-03-24T07:24:29+00:00","breadcrumb":{"@id":"https:\/\/www.mercabilbao.eus\/fr\/horaries\/#breadcrumb"},"inLanguage":"fr-FR","potentialAction":[{"@type":"ReadAction","target":["https:\/\/www.mercabilbao.eus\/fr\/horaries\/"]}]},{"@type":"BreadcrumbList","@id":"https:\/\/www.mercabilbao.eus\/fr\/horaries\/#breadcrumb","itemListElement":[{"@type":"ListItem","position":1,"name":"Portada","item":"https:\/\/www.mercabilbao.eus\/fr\/"},{"@type":"ListItem","position":2,"name":"Calendrier et horaires du march\u00e9"}]}]}},"_links":{"self":[{"href":"https:\/\/www.mercabilbao.eus\/fr\/wp-json\/wp\/v2\/pages\/4291","targetHints":{"allow":["GET"]}}],"collection":[{"href":"https:\/\/www.mercabilbao.eus\/fr\/wp-json\/wp\/v2\/pages"}],"about":[{"href":"https:\/\/www.mercabilbao.eus\/fr\/wp-json\/wp\/v2\/types\/page"}],"author":[{"embeddable":true,"href":"https:\/\/www.mercabilbao.eus\/fr\/wp-json\/wp\/v2\/users\/1"}],"replies":[{"embeddable":true,"href":"https:\/\/www.mercabilbao.eus\/fr\/wp-json\/wp\/v2\/comments?post=4291"}],"version-history":[{"count":15,"href":"https:\/\/www.mercabilbao.eus\/fr\/wp-json\/wp\/v2\/pages\/4291\/revisions"}],"predecessor-version":[{"id":5710,"href":"https:\/\/www.mercabilbao.eus\/fr\/wp-json\/wp\/v2\/pages\/4291\/revisions\/5710"}],"wp:attachment":[{"href":"https:\/\/www.mercabilbao.eus\/fr\/wp-json\/wp\/v2\/media?parent=4291"}],"curies":[{"name":"wp","href":"https:\/\/api.w.org\/{rel}","templated":true}]}}