{"id":4585,"date":"2023-01-27T10:12:46","date_gmt":"2023-01-27T09:12:46","guid":{"rendered":"https:\/\/www.mercabilbao.eus\/?page_id=4585"},"modified":"2023-04-17T10:47:28","modified_gmt":"2023-04-17T09:47:28","slug":"politiques-de-conformite-penale-et-de-protection-des-donnees","status":"publish","type":"page","link":"https:\/\/www.mercabilbao.eus\/fr\/presentation\/politiques-de-conformite-penale-et-de-protection-des-donnees\/","title":{"rendered":"Politiques de conformit\u00e9 p\u00e9nale et de protection des donn\u00e9es"},"content":{"rendered":"<h1>Politiques de conformit\u00e9 p\u00e9nale et de protection des donn\u00e9es<\/h1>\n<h2><strong>Syst\u00e8me de gestion de la conformit\u00e9 p\u00e9nale<\/strong><\/h2>\n<p class=\"text-left\">Mercabilbao a accept\u00e9 de mettre en place un syst\u00e8me de gestion de la conformit\u00e9 p\u00e9nale (ci-apr\u00e8s, SGCP) pour \u00e9viter d&rsquo;\u00e9ventuels reproches criminels de la part de l&rsquo;entreprise et, en m\u00eame temps, cimenter un climat \u00e9thique qui respecte les normes les plus \u00e9lev\u00e9es d&rsquo;int\u00e9grit\u00e9 de l&rsquo;entreprise. Le SGCP est compos\u00e9, entre autres, des documents suivants:<\/p>\n<p><center><img loading=\"lazy\" decoding=\"async\" class=\"aligncenter size-full wp-image-4840\" src=\"https:\/\/www.mercabilbao.eus\/wp-content\/uploads\/2023\/03\/Compliance-7.png\" alt=\"\" width=\"400\" height=\"300\" \/><\/center><\/p>\n<dl id=\"preguntas\">\n<dt>\n<h3>Politique de conformit\u00e9<\/h3>\n<\/dt>\n<dd>\n<p class=\"text-left\">La Politique de Conformit\u00e9, qui d\u00e9veloppe le Code d&rsquo;\u00c9thique et de Conduite de Mercabilbao et est int\u00e9gr\u00e9e \u00e0 son Syst\u00e8me de Gestion de la Conformit\u00e9 P\u00e9nale (SGCP), vise \u00e0 d\u00e9finir les principes g\u00e9n\u00e9raux qui informent ledit mod\u00e8le, ainsi que les principaux engagements qui sont assum\u00e9s par l&rsquo;organisation en termes de conformit\u00e9 et qui doit guider son comportement dans tous ses domaines d&rsquo;action et dans l&rsquo;atteinte de ses objectifs d&rsquo;affaires. Le personnel de Mercabilbao, ainsi que ses clients et fournisseurs, doivent agir conform\u00e9ment \u00e0 la loi, \u00e0 notre code d&rsquo;\u00e9thique et de conduite et aux principes \u00e9tablis dans la pr\u00e9sente politique.<\/p>\n<p class=\"text-left\">Politique de conformit\u00e9 (<a href=\"https:\/\/www.mercabilbao.eus\/wp-content\/uploads\/2023\/01\/POLITICA-DE-COMPLIANCE-PENAL-MERCABILBAO-1.pdf\">lier un PDF<\/a>)<\/p>\n<\/dd>\n<dt>\n<h3>Code d&rsquo;\u00e9thique et de conduite<\/h3>\n<\/dt>\n<dd>\n<p class=\"text-left\">Le but de ce document est de saisir les principes, les valeurs et les normes qui r\u00e9gissent notre performance professionnelle au quotidien, gr\u00e2ce auxquelles nous avons r\u00e9ussi \u00e0 cr\u00e9er un environnement de travail respectueux avec les plus hauts standards d&rsquo;int\u00e9grit\u00e9 d&rsquo;entreprise.<\/p>\n<p class=\"text-left\">Code d&rsquo;\u00e9thique et de conduite (<a href=\"https:\/\/www.mercabilbao.eus\/wp-content\/uploads\/2023\/01\/CODIGO-ETICO-Y-DE-CONDUCTA-MERCABILBAO..pdf\">lier un PDF<\/a>)<\/p>\n<\/dd>\n<dt>\n<h3>Protocole pour le canal des plaintes et les consultations \u00e9thiques<\/h3>\n<\/dt>\n<dd>\n<p class=\"text-left\">Le document comprend les lignes directrices \u00e0 suivre pour le traitement des plaintes et des demandes re\u00e7ues par le canal des plaintes et, le cas \u00e9ch\u00e9ant, la proc\u00e9dure d&rsquo;enqu\u00eate sur les \u00e9ventuelles irr\u00e9gularit\u00e9s ou non-conformit\u00e9. Ainsi, les aspects li\u00e9s \u00e0 l&rsquo;indemnisation des plaignants, leurs droits et obligations, la confidentialit\u00e9 des communications et la protection des donn\u00e9es personnelles sont pr\u00e9cis\u00e9s.<\/p>\n<p class=\"text-left\">Protocole pour le canal des plaintes et les consultations \u00e9thiques (<a href=\"https:\/\/www.mercabilbao.eus\/wp-content\/uploads\/2023\/01\/PROTOCOLO-DEL-CANAL-DE-DENUNCIAS-MERCABILBAO.pdf\">lier un PDF<\/a>)<\/p>\n<\/dd>\n<p>&nbsp;<\/p>\n<hr \/>\n<h2><strong>Informations de base sur la protection des donn\u00e9es<\/strong><\/h2>\n<p class=\"text-left\">Mercabilbao respecte les droits et libert\u00e9s des personnes, parmi lesquels figure le droit fondamental \u00e0 la protection des donn\u00e9es personnelles, \u00e9tabli dans la Charte des droits fondamentaux de l&rsquo;Union europ\u00e9enne. Ainsi, Mercabilbao est r\u00e9gie dans son activit\u00e9 commerciale par les principes inclus dans le r\u00e8glement (UE) 2016\/679 g\u00e9n\u00e9ral sur la protection des donn\u00e9es.<\/p>\n<p><center><img loading=\"lazy\" decoding=\"async\" class=\"aligncenter size-full wp-image-4836\" src=\"https:\/\/www.mercabilbao.eus\/wp-content\/uploads\/2023\/03\/Proteccion-de-datos-.png\" alt=\"\" width=\"400\" height=\"300\" \/><\/center><\/p>\n<dt>\n<h3>Gestionnaire de traitement<\/h3>\n<\/dt>\n<dd>\n<p class=\"text-left\">Lorsque les traitements doivent \u00eatre effectu\u00e9s pour se conformer aux conditions particuli\u00e8res ou aux services d&rsquo;un service contract\u00e9 avec Mercabilbao, ce sera le responsable du traitement des donn\u00e9es personnelles.<\/p>\n<\/dd>\n<dt>\n<h3>Objectifs et fondement de la l\u00e9gitimation<\/h3>\n<\/dt>\n<dd>\n<p class=\"text-left\"><strong>1. Traitements n\u00e9cessaires \u00e0 l&rsquo;ex\u00e9cution du contrat avec Mercabilbao\u00a0:<\/strong><\/p>\n<ol type=\"i\">\n<li>Pour la gestion de la contractualisation du service et ;<\/li>\n<li>Pour permettre la fourniture du service (qui comprend la facturation, l&rsquo;identification de l&rsquo;utilisateur lors de la prise de contact avec Mercabilbao et l&rsquo;envoi de communications informatives), \u00e0 l&rsquo;attention des requ\u00eates et \u00e0 la gestion de la relation contractuelle par le biais de services Web chaque fois que vous avez d\u00e9charg\u00e9<\/li>\n<\/ol>\n<p class=\"text-left\"><strong>2.Traitements n\u00e9cessaires \u00e0 Mercabilbao pour se conformer \u00e0 ses obligations l\u00e9gales : <\/strong><\/p>\n<ol type=\"i\">\n<li>Pour permettre l&rsquo;\u00e9change d&rsquo;informations par Mercabilbao avec la soci\u00e9t\u00e9 qui g\u00e8re les services informatiques et de cybers\u00e9curit\u00e9;<\/li>\n<li>Pour l&rsquo;attention aux exigences polici\u00e8res, judiciaires et fiscales;<\/li>\n<li>Pour r\u00e9pondre aux exigences des autorit\u00e9s de tutelle et des autres Administrations Publiques.<\/li>\n<\/ol>\n<p class=\"text-left\"><strong>3. Traitements fond\u00e9s sur l&rsquo;int\u00e9r\u00eat l\u00e9gitime pr\u00e9dominant de Mercabilbao\u00a0:<\/strong><\/p>\n<ol type=\"i\">\n<li>Poursuivre la solvabilit\u00e9 \u00e9conomique qui pourrait d\u00e9terminer l&rsquo;admission en tant que client ou, le cas \u00e9ch\u00e9ant, la communication de donn\u00e9es aux syst\u00e8mes d&rsquo;information sur le cr\u00e9dit, toujours dans le plein respect de la r\u00e9glementation applicable\u00a0;<\/li>\n<li>R\u00e9aliser des enqu\u00eates de satisfaction ;<\/li>\n<li>Mener des actions de recouvrement en cas de non-paiement.<\/li>\n<\/ol>\n<p class=\"text-left\"><strong>4. Traitements bas\u00e9s sur le consentement de l&rsquo;int\u00e9ress\u00e9 :<\/strong><\/p>\n<ol type=\"i\">\n<li>Pour la fourniture de services suppl\u00e9mentaires tels que la remise de la facture \u00e9lectronique ou pour le traitement des donn\u00e9es de localisation pour l&rsquo;utilisation des Applications Mercabilbao\u00a0;<\/li>\n<li>Collecter et traiter des donn\u00e9es relatives \u00e0 la navigation Internet de l&rsquo;utilisateur ; afin que l&rsquo;utilisateur puisse s&rsquo;inscrire ou acc\u00e9der \u00e0 son espace client priv\u00e9 en se connectant via le site Web ;<\/li>\n<li>Pour la constitution des jobboards utilis\u00e9s par Mercabilbao.<\/li>\n<li>Pour effectuer des actions commerciales telles que le r\u00e9f\u00e9rencement de publicit\u00e9 sur les services fournis par des soci\u00e9t\u00e9s tierces, li\u00e9es \u00e0 leur activit\u00e9, ainsi que pour transf\u00e9rer les donn\u00e9es auxdites soci\u00e9t\u00e9s, pour envoyer de la publicit\u00e9 sur les services de Mercabilbao, m\u00eame \u00e0 d&rsquo;anciens clients.<\/li>\n<li>G\u00e9rer et r\u00e9pondre aux demandes d&rsquo;informations des utilisateurs du service ou des clients potentiels.<\/li>\n<\/ol>\n<\/dd>\n<dt>\n<h3>Destinataires<\/h3>\n<\/dt>\n<dd>\n<p class=\"text-left\">Mercabilbao peut communiquer vos donn\u00e9es personnelles aux entit\u00e9s suivantes :<\/p>\n<ol type=\"i\">\n<li>Pour cr\u00e9diter les syst\u00e8mes d&rsquo;information en cas de non-paiement;<\/li>\n<li>Aux entreprises collaboratrices li\u00e9es au m\u00eame secteur d&rsquo;activit\u00e9, \u00e0 condition que nous ayons \u00e9t\u00e9 autoris\u00e9s par votre consentement;<\/li>\n<li>Aux \u00e9tablissements de cr\u00e9dit avec lesquels, le cas \u00e9ch\u00e9ant, des contrats d&rsquo;affacturage ont \u00e9t\u00e9 sign\u00e9s;<\/li>\n<li>Aux Forces et Corps de S\u00e9curit\u00e9, au Parquet et aux Cours et Tribunaux lorsque l&rsquo;exige le respect de la l\u00e9gislation en vigueur, et;<\/li>\n<li>Aux organismes \u00e0 la tutelle desquels Mercabilbao est soumis.<\/li>\n<\/ol>\n<p class=\"text-left\">Enfin, nous donnerons acc\u00e8s \u00e0 vos donn\u00e9es aux prestataires de services auxquels Mercabilbao fait appel ou pourrait faire appel et qui ont le statut de sous-traitants.<\/p>\n<\/dd>\n<dt>\n<h3>Droits<\/h3>\n<\/dt>\n<dd>\n<ol type=\"i\">\n<li>L&rsquo;int\u00e9ress\u00e9 a le droit d&rsquo;acc\u00e8s, de rectification, de suppression de ses donn\u00e9es et de portabilit\u00e9, de limitation ou d&rsquo;opposition \u00e0 leur traitement, en envoyant un courrier postal \u00e0 l&rsquo;adresse Barrio Ibarreta 1, 48970 Basauri, Biscaye ou par courrier \u00e9lectronique envoy\u00e9 \u00e0 <a href=\"mailto:desarrollocorporativo@mercabilbao.eus\">desarrollocorporativo@mercabilbao.eus<\/a>, en indiquant la r\u00e9f\u00e9rence \u00ab\u00a0Protection des donn\u00e9es\u00a0\u00bb dans l&rsquo;objet et en fournissant vos nom et pr\u00e9nom, adresse aux fins des notifications, photocopie de la pi\u00e8ce d&rsquo;identit\u00e9, passeport ou tout autre document d&rsquo;identification, et demande dans laquelle la demande est sp\u00e9cifi\u00e9e.<\/li>\n<li>Le personnel int\u00e9ress\u00e9 a \u00e9galement le droit de porter plainte aupr\u00e8s de l&rsquo;Agence espagnole de protection des donn\u00e9es.<\/li>\n<\/ol>\n<\/dd>\n<dt>\n<h3>Formes<\/h3>\n<\/dt>\n<dd>\n<ol>\n<li>\n<strong>Formulaires de contact et demande d&rsquo;information.<\/strong><\/p>\n<p><strong>Responsable du traitement et coordonn\u00e9es\u00a0:<\/strong><\/p>\n<p>MERCADOS CENTRALES DE ABASTECIMIENTO DE BILBAO, S.A. (MERCABILBAO)<\/p>\n<p>Barrio Ibarreta 1, 48970 Basauri, Bizkaia<\/p>\n<p>T\u00e9l\u00e9phone: 94 449 27 58<\/p>\n<p><strong>Finalit\u00e9s du traitement et dur\u00e9es de conservation <\/strong><\/p>\n<p>Faciliter la gestion des donn\u00e9es des personnes qui demandent des informations \u00e0 MERCABILBAO.<\/p>\n<p><strong>Base juridique du traitement<\/strong><\/p>\n<p>Consentement de l&rsquo;int\u00e9ress\u00e9, manifest\u00e9 en cliquant sur le bouton accepter.<br \/>\n<strong>Destinataires\u00a0\u00a0\u00a0 <\/strong><\/p>\n<p>Les donn\u00e9es personnelles ne sont pas fournies, dans le cadre de ce traitement, \u00e0 des entit\u00e9s ext\u00e9rieures \u00e0 l&rsquo;entit\u00e9, sauf obligation l\u00e9gale.<br \/>\n<strong>Exercice des droits<\/strong><\/p>\n<p>L&rsquo;int\u00e9ress\u00e9 a le droit d&rsquo;acc\u00e8s, de rectification, de suppression de ses donn\u00e9es et de portabilit\u00e9, de limitation ou d&rsquo;opposition \u00e0 leur traitement, en envoyant un courrier \u00e0 l&rsquo;adresse Barrio Ibarreta 1, 48970 Basauri, Biscaye ou par courrier \u00e9lectronique envoy\u00e9 \u00e0\u00a0<a href=\"mailto:desarrollocorporativo@mercabilbao.eus\">desarrollocorporativo@mercabilbao.eus<\/a>, en indiquant dans l&rsquo;objet la r\u00e9f\u00e9rence &lsquo;Protection des donn\u00e9es&rsquo;.<\/p>\n<p>Le personnel int\u00e9ress\u00e9 a \u00e9galement le droit de porter plainte aupr\u00e8s de l&rsquo;Agence espagnole de protection des donn\u00e9es.<\/p>\n<p>Enfin, l&rsquo;int\u00e9ress\u00e9 a le droit de retirer \u00e0 tout moment son consentement au traitement de ses donn\u00e9es.<\/li>\n<li>\n<strong>Formulaire d&#8217;emploi\/d&#8217;emploi.<\/strong><\/p>\n<p><strong>Responsable du traitement et coordonn\u00e9es\u00a0:<\/strong><\/p>\n<p>MERCADOS CENTRALES DE ABASTECIMIENTO DE BILBAO, S.A. (MERCABILBAO)<\/p>\n<p>Barrio Ibarreta 1, 48970 Basauri, Bizkaia<\/p>\n<p>T\u00e9l\u00e9phone: 94 449 27 58<\/p>\n<p><strong>Finalit\u00e9s du traitement et dur\u00e9es de conservation <\/strong><\/p>\n<p>Faciliter la gestion des donn\u00e9es d&#8217;emploi pour les clients de MERCABILBAO.<\/p>\n<p><strong>Base juridique du traitement<\/strong><\/p>\n<p>Consentement de l&rsquo;int\u00e9ress\u00e9, manifest\u00e9 en cliquant sur le bouton accepter.<\/p>\n<p><strong>Destinataires\u00a0\u00a0\u00a0 <\/strong><\/p>\n<p>Les donn\u00e9es personnelles seront fournies aux clients de MERCABILBAO.<\/p>\n<p><strong>Exercice des droits<\/strong><\/p>\n<p>L&rsquo;int\u00e9ress\u00e9 a le droit d&rsquo;acc\u00e8s, de rectification, de suppression de ses donn\u00e9es et de portabilit\u00e9, de limitation ou d&rsquo;opposition \u00e0 leur traitement, en envoyant un courrier \u00e0 l&rsquo;adresse Barrio Ibarreta 1, 48970 Basauri, Biscaye ou par courrier \u00e9lectronique envoy\u00e9 \u00e0\u00a0<a href=\"mailto:desarrollocorporativo@mercabilbao.eus\">desarrollocorporativo@mercabilbao.eus<\/a>, en indiquant dans l&rsquo;objet la r\u00e9f\u00e9rence &lsquo;Protection des donn\u00e9es&rsquo;.<\/p>\n<p>Le personnel int\u00e9ress\u00e9 a \u00e9galement le droit de porter plainte aupr\u00e8s de l&rsquo;Agence espagnole de protection des donn\u00e9es.<\/p>\n<p>Enfin, l&rsquo;int\u00e9ress\u00e9 a le droit de retirer \u00e0 tout moment son consentement au traitement de ses donn\u00e9es.<\/li>\n<\/ol>\n<\/dd>\n<dt>\n<h3>Informations sur la politique de confidentialit\u00e9<\/h3>\n<\/dt>\n<dd>\n<p class=\"text-left\">Pour obtenir le PDF de la politique de confidentialit\u00e9 de Mercabilbao <a href=\"https:\/\/www.mercabilbao.eus\/wp-content\/uploads\/2023\/04\/Politica-de-Privacidad.pdf\">Cliquez ici<\/a>.<\/p>\n<\/dd>\n<\/dl>\n","protected":false},"excerpt":{"rendered":"<p>Politiques de conformit\u00e9 p\u00e9nale et de protection des donn\u00e9es Syst\u00e8me de gestion de la conformit\u00e9 p\u00e9nale Mercabilbao a accept\u00e9 de mettre en place un syst\u00e8me de gestion de la conformit\u00e9 [&hellip;]<\/p>\n","protected":false},"author":1,"featured_media":0,"parent":1638,"menu_order":5,"comment_status":"closed","ping_status":"closed","template":"","meta":{"footnotes":""},"class_list":["post-4585","page","type-page","status-publish","hentry"],"yoast_head":"<!-- This site is optimized with the Yoast SEO plugin v19.3 - https:\/\/yoast.com\/wordpress\/plugins\/seo\/ -->\n<title>Politiques de conformit\u00e9 p\u00e9nale et de protection des donn\u00e9es - Mercabilbao<\/title>\n<meta name=\"robots\" content=\"index, follow, max-snippet:-1, max-image-preview:large, max-video-preview:-1\" \/>\n<link rel=\"canonical\" href=\"https:\/\/www.mercabilbao.eus\/fr\/presentation\/politiques-de-conformite-penale-et-de-protection-des-donnees\/\" \/>\n<meta property=\"og:locale\" content=\"fr_FR\" \/>\n<meta property=\"og:type\" content=\"article\" \/>\n<meta property=\"og:title\" content=\"Politiques de conformit\u00e9 p\u00e9nale et de protection des donn\u00e9es - Mercabilbao\" \/>\n<meta property=\"og:description\" content=\"Politiques de conformit\u00e9 p\u00e9nale et de protection des donn\u00e9es Syst\u00e8me de gestion de la conformit\u00e9 p\u00e9nale Mercabilbao a accept\u00e9 de mettre en place un syst\u00e8me de gestion de la conformit\u00e9 [&hellip;]\" \/>\n<meta property=\"og:url\" content=\"https:\/\/www.mercabilbao.eus\/fr\/presentation\/politiques-de-conformite-penale-et-de-protection-des-donnees\/\" \/>\n<meta property=\"og:site_name\" content=\"Mercabilbao\" \/>\n<meta property=\"article:modified_time\" content=\"2023-04-17T09:47:28+00:00\" \/>\n<meta property=\"og:image\" content=\"https:\/\/www.mercabilbao.eus\/wp-content\/uploads\/2023\/03\/Compliance-7.png\" \/>\n<meta name=\"twitter:card\" content=\"summary_large_image\" \/>\n<meta name=\"twitter:label1\" content=\"Dur\u00e9e de lecture estim\u00e9e\" \/>\n\t<meta name=\"twitter:data1\" content=\"2 minutes\" \/>\n<script type=\"application\/ld+json\" class=\"yoast-schema-graph\">{\"@context\":\"https:\/\/schema.org\",\"@graph\":[{\"@type\":\"WebSite\",\"@id\":\"https:\/\/www.mercabilbao.eus\/fr\/#website\",\"url\":\"https:\/\/www.mercabilbao.eus\/fr\/\",\"name\":\"Mercabilbao\",\"description\":\"Mercabilbao es el mayor centro de distribuci\u00f3n de alimentos perecederos del Norte de la Pen\u00ednsula Ib\u00e9rica.\",\"potentialAction\":[{\"@type\":\"SearchAction\",\"target\":{\"@type\":\"EntryPoint\",\"urlTemplate\":\"https:\/\/www.mercabilbao.eus\/fr\/?s={search_term_string}\"},\"query-input\":\"required name=search_term_string\"}],\"inLanguage\":\"fr-FR\"},{\"@type\":\"ImageObject\",\"inLanguage\":\"fr-FR\",\"@id\":\"https:\/\/www.mercabilbao.eus\/fr\/presentation\/politiques-de-conformite-penale-et-de-protection-des-donnees\/#primaryimage\",\"url\":\"https:\/\/www.mercabilbao.eus\/wp-content\/uploads\/2023\/03\/Compliance-7.png\",\"contentUrl\":\"https:\/\/www.mercabilbao.eus\/wp-content\/uploads\/2023\/03\/Compliance-7.png\",\"width\":590,\"height\":519},{\"@type\":\"WebPage\",\"@id\":\"https:\/\/www.mercabilbao.eus\/fr\/presentation\/politiques-de-conformite-penale-et-de-protection-des-donnees\/\",\"url\":\"https:\/\/www.mercabilbao.eus\/fr\/presentation\/politiques-de-conformite-penale-et-de-protection-des-donnees\/\",\"name\":\"Politiques de conformit\u00e9 p\u00e9nale et de protection des donn\u00e9es - Mercabilbao\",\"isPartOf\":{\"@id\":\"https:\/\/www.mercabilbao.eus\/fr\/#website\"},\"primaryImageOfPage\":{\"@id\":\"https:\/\/www.mercabilbao.eus\/fr\/presentation\/politiques-de-conformite-penale-et-de-protection-des-donnees\/#primaryimage\"},\"datePublished\":\"2023-01-27T09:12:46+00:00\",\"dateModified\":\"2023-04-17T09:47:28+00:00\",\"breadcrumb\":{\"@id\":\"https:\/\/www.mercabilbao.eus\/fr\/presentation\/politiques-de-conformite-penale-et-de-protection-des-donnees\/#breadcrumb\"},\"inLanguage\":\"fr-FR\",\"potentialAction\":[{\"@type\":\"ReadAction\",\"target\":[\"https:\/\/www.mercabilbao.eus\/fr\/presentation\/politiques-de-conformite-penale-et-de-protection-des-donnees\/\"]}]},{\"@type\":\"BreadcrumbList\",\"@id\":\"https:\/\/www.mercabilbao.eus\/fr\/presentation\/politiques-de-conformite-penale-et-de-protection-des-donnees\/#breadcrumb\",\"itemListElement\":[{\"@type\":\"ListItem\",\"position\":1,\"name\":\"Portada\",\"item\":\"https:\/\/www.mercabilbao.eus\/fr\/\"},{\"@type\":\"ListItem\",\"position\":2,\"name\":\"Pr\u00e9sentation\",\"item\":\"https:\/\/www.mercabilbao.eus\/fr\/presentation\/\"},{\"@type\":\"ListItem\",\"position\":3,\"name\":\"Politiques de conformit\u00e9 p\u00e9nale et de protection des donn\u00e9es\"}]}]}<\/script>\n<!-- \/ Yoast SEO plugin. -->","yoast_head_json":{"title":"Politiques de conformit\u00e9 p\u00e9nale et de protection des donn\u00e9es - Mercabilbao","robots":{"index":"index","follow":"follow","max-snippet":"max-snippet:-1","max-image-preview":"max-image-preview:large","max-video-preview":"max-video-preview:-1"},"canonical":"https:\/\/www.mercabilbao.eus\/fr\/presentation\/politiques-de-conformite-penale-et-de-protection-des-donnees\/","og_locale":"fr_FR","og_type":"article","og_title":"Politiques de conformit\u00e9 p\u00e9nale et de protection des donn\u00e9es - Mercabilbao","og_description":"Politiques de conformit\u00e9 p\u00e9nale et de protection des donn\u00e9es Syst\u00e8me de gestion de la conformit\u00e9 p\u00e9nale Mercabilbao a accept\u00e9 de mettre en place un syst\u00e8me de gestion de la conformit\u00e9 [&hellip;]","og_url":"https:\/\/www.mercabilbao.eus\/fr\/presentation\/politiques-de-conformite-penale-et-de-protection-des-donnees\/","og_site_name":"Mercabilbao","article_modified_time":"2023-04-17T09:47:28+00:00","og_image":[{"url":"https:\/\/www.mercabilbao.eus\/wp-content\/uploads\/2023\/03\/Compliance-7.png"}],"twitter_card":"summary_large_image","twitter_misc":{"Dur\u00e9e de lecture estim\u00e9e":"2 minutes"},"schema":{"@context":"https:\/\/schema.org","@graph":[{"@type":"WebSite","@id":"https:\/\/www.mercabilbao.eus\/fr\/#website","url":"https:\/\/www.mercabilbao.eus\/fr\/","name":"Mercabilbao","description":"Mercabilbao es el mayor centro de distribuci\u00f3n de alimentos perecederos del Norte de la Pen\u00ednsula Ib\u00e9rica.","potentialAction":[{"@type":"SearchAction","target":{"@type":"EntryPoint","urlTemplate":"https:\/\/www.mercabilbao.eus\/fr\/?s={search_term_string}"},"query-input":"required name=search_term_string"}],"inLanguage":"fr-FR"},{"@type":"ImageObject","inLanguage":"fr-FR","@id":"https:\/\/www.mercabilbao.eus\/fr\/presentation\/politiques-de-conformite-penale-et-de-protection-des-donnees\/#primaryimage","url":"https:\/\/www.mercabilbao.eus\/wp-content\/uploads\/2023\/03\/Compliance-7.png","contentUrl":"https:\/\/www.mercabilbao.eus\/wp-content\/uploads\/2023\/03\/Compliance-7.png","width":590,"height":519},{"@type":"WebPage","@id":"https:\/\/www.mercabilbao.eus\/fr\/presentation\/politiques-de-conformite-penale-et-de-protection-des-donnees\/","url":"https:\/\/www.mercabilbao.eus\/fr\/presentation\/politiques-de-conformite-penale-et-de-protection-des-donnees\/","name":"Politiques de conformit\u00e9 p\u00e9nale et de protection des donn\u00e9es - Mercabilbao","isPartOf":{"@id":"https:\/\/www.mercabilbao.eus\/fr\/#website"},"primaryImageOfPage":{"@id":"https:\/\/www.mercabilbao.eus\/fr\/presentation\/politiques-de-conformite-penale-et-de-protection-des-donnees\/#primaryimage"},"datePublished":"2023-01-27T09:12:46+00:00","dateModified":"2023-04-17T09:47:28+00:00","breadcrumb":{"@id":"https:\/\/www.mercabilbao.eus\/fr\/presentation\/politiques-de-conformite-penale-et-de-protection-des-donnees\/#breadcrumb"},"inLanguage":"fr-FR","potentialAction":[{"@type":"ReadAction","target":["https:\/\/www.mercabilbao.eus\/fr\/presentation\/politiques-de-conformite-penale-et-de-protection-des-donnees\/"]}]},{"@type":"BreadcrumbList","@id":"https:\/\/www.mercabilbao.eus\/fr\/presentation\/politiques-de-conformite-penale-et-de-protection-des-donnees\/#breadcrumb","itemListElement":[{"@type":"ListItem","position":1,"name":"Portada","item":"https:\/\/www.mercabilbao.eus\/fr\/"},{"@type":"ListItem","position":2,"name":"Pr\u00e9sentation","item":"https:\/\/www.mercabilbao.eus\/fr\/presentation\/"},{"@type":"ListItem","position":3,"name":"Politiques de conformit\u00e9 p\u00e9nale et de protection des donn\u00e9es"}]}]}},"_links":{"self":[{"href":"https:\/\/www.mercabilbao.eus\/fr\/wp-json\/wp\/v2\/pages\/4585","targetHints":{"allow":["GET"]}}],"collection":[{"href":"https:\/\/www.mercabilbao.eus\/fr\/wp-json\/wp\/v2\/pages"}],"about":[{"href":"https:\/\/www.mercabilbao.eus\/fr\/wp-json\/wp\/v2\/types\/page"}],"author":[{"embeddable":true,"href":"https:\/\/www.mercabilbao.eus\/fr\/wp-json\/wp\/v2\/users\/1"}],"replies":[{"embeddable":true,"href":"https:\/\/www.mercabilbao.eus\/fr\/wp-json\/wp\/v2\/comments?post=4585"}],"version-history":[{"count":7,"href":"https:\/\/www.mercabilbao.eus\/fr\/wp-json\/wp\/v2\/pages\/4585\/revisions"}],"predecessor-version":[{"id":5078,"href":"https:\/\/www.mercabilbao.eus\/fr\/wp-json\/wp\/v2\/pages\/4585\/revisions\/5078"}],"up":[{"embeddable":true,"href":"https:\/\/www.mercabilbao.eus\/fr\/wp-json\/wp\/v2\/pages\/1638"}],"wp:attachment":[{"href":"https:\/\/www.mercabilbao.eus\/fr\/wp-json\/wp\/v2\/media?parent=4585"}],"curies":[{"name":"wp","href":"https:\/\/api.w.org\/{rel}","templated":true}]}}